{"id":8780,"date":"2019-06-16T14:58:02","date_gmt":"2019-06-16T18:58:02","guid":{"rendered":"http:\/\/devtest.autosphere.ca\/?page_id=8780"},"modified":"2024-12-16T13:44:29","modified_gmt":"2024-12-16T18:44:29","slug":"carrosserie","status":"publish","type":"page","link":"https:\/\/autosphere.ca\/fr\/carrosserie\/","title":{"rendered":"Carrosserie"},"content":{"rendered":"<section class=\"l-section wpb_row us_custom_eb849559 height_small\"><div class=\"l-section-h i-cf\"><div class=\"g-cols vc_row via_flex valign_top type_default stacking_default\"><div class=\"vc_col-sm-12 wpb_column vc_column_container\"><div class=\"vc_column-inner\"><div class=\"wpb_wrapper\">[vc_raw_html]JTVCdGhlX2FkX3BsYWNlbWVudCUyMGlkJTNEJTIyc3VwZXJiYW5uZXItbWFudWFsJTIyJTVE[\/vc_raw_html]<\/div><\/div><\/div><\/div><\/div><\/section><section class=\"l-section wpb_row height_auto\"><div class=\"l-section-h i-cf\"><div class=\"g-cols vc_row via_flex valign_top type_default stacking_default\"><div class=\"vc_col-sm-8 wpb_column vc_column_container\"><div class=\"vc_column-inner\"><div class=\"wpb_wrapper\">[vc_raw_html css=\u00a0\u00bb%7B%22default%22%3A%7B%22padding-bottom%22%3A%221rem%22%7D%7D\u00a0\u00bb]JTNDaDElMjBzdHlsZSUzRCUyMnBhZGRpbmctdG9wJTNBJTIwMC4zZW0lMjFpbXBvcnRhbnQlM0IlMjIlMjBjbGFzcyUzRCUyMnNlcC1jb2xsaXNpb24lMjIlM0VBY3R1YWxpdCVDMyVBOSUyMHN1ciUyMGxlJTIwc2VjdGV1ciUyMGRlJTIwbGElMjBjYXJyb3NzZXJpZSUzQyUyRmgxJTNF[\/vc_raw_html]<div class=\"g-cols wpb_row via_flex valign_top type_default stacking_default\"><div class=\"vc_col-sm-12 wpb_column vc_column_container\"><div class=\"vc_column-inner\"><div class=\"wpb_wrapper\"><div class=\"w-grid us_carousel us_custom_92b2762d hide_on_mobiles type_carousel layout_8973 overflow_hidden preload_style_spinner\" id=\"us_grid_1\"><style>.layout_8973 .w-grid-item-h{}@media(max-width:479px){.layout_8973 .usg_post_date_1{display:none!important}}@media(max-width:479px){.layout_8973 .usg_post_content_1{display:none!important}}.layout_8973 .usg_hwrapper_1{padding-left:1px!important;padding-right:1px!important}.layout_8973 .usg_post_image_1{width:50%!important}.layout_8973 .usg_vwrapper_1{margin-right:0!important;width:50%!important}.layout_8973 .usg_hwrapper_2{margin-bottom:0!important}.layout_8973 .usg_post_date_1{font-family:var(--font-family)!important;font-size:14px!important;color:#7c8491!important}.layout_8973 .usg_post_title_1{margin-bottom:0!important;padding-top:0.6rem!important;padding-bottom:0.6rem!important;padding-right:1.2rem!important;background:#ffffff!important}.layout_8973 .usg_post_content_1{padding-right:1.5rem!important;font-family:var(--font-family)!important}<\/style><div class=\"w-grid-list owl-carousel valign_stretch dotstyle_circle navstyle_circle arrows-ver-pos_middle arrows-hor-pos_on_sides_outside arrows-disabled_hide owl-responsive-2000 with_dots\" style=\"--transition-duration:300ms;\">\t<article class=\"w-grid-item post-462814 post type-post status-publish format-standard has-post-thumbnail hentry category-carrosserie category-carrosserie-communique tag-ccif-fr\" data-id=\"462814\">\r\n\t\t<div class=\"w-grid-item-h\">\r\n\t\t\t\t\t\t<div class=\"w-hwrapper usg_hwrapper_1 align_left valign_top\" style=\"--hwrapper-gap: 1.20rem;\"><div class=\"w-vwrapper usg_vwrapper_1 align_left valign_top\" style=\"--vwrapper-gap: 0.7rem;\"><h2 class=\"w-post-elm post_title usg_post_title_1 color_link_inherit\"><a href=\"https:\/\/autosphere.ca\/fr\/carrosserie\/2026\/08\/31\/le-ccif-de-montreal-sadresse-aux-carrossiers-quebecois\/\">Le CCIF de Montr\u00e9al s\u2019adresse aux carrossiers qu\u00e9b\u00e9cois<\/a><\/h2><div class=\"w-post-elm post_content usg_post_content_1\">Le 17 septembre prochain, le Forum canadien de l\u2019industrie de la carrosserie (CCIF) qui se d\u00e9roulera \u00e0 Montr\u00e9al pr\u00e9sente un programme qui interpelle directement les carrossiers qu\u00e9b\u00e9cois. Symbole d\u2019une volont\u00e9\u2026<\/div><div class=\"w-hwrapper usg_hwrapper_2 align_left valign_top\" style=\"--hwrapper-gap: 1.2rem;\"><time class=\"w-post-elm post_date usg_post_date_1 has_text_color entry-date published\" datetime=\"2026-08-31T10:55:35-04:00\" title=\"31 ao\u00fbt 2026 \u00e0 10:55:35 America\/Toronto\">Hier \u00e0 10h55<\/time><\/div><\/div><div class=\"w-post-elm post_image usg_post_image_1 has_width stretched\"><a href=\"https:\/\/autosphere.ca\/fr\/carrosserie\/2026\/08\/31\/le-ccif-de-montreal-sadresse-aux-carrossiers-quebecois\/\" aria-label=\"Le CCIF de Montr\u00e9al s\u2019adresse aux carrossiers qu\u00e9b\u00e9cois\"><img loading=\"lazy\" decoding=\"async\" width=\"758\" height=\"585\" src=\"https:\/\/autosphere.ca\/wp-content\/uploads\/2026\/08\/AAA-7-8.jpg\" class=\"attachment-us_600_600_crop size-us_600_600_crop wp-post-image\" alt=\"\" srcset=\"https:\/\/autosphere.ca\/wp-content\/uploads\/2026\/08\/AAA-7-8.jpg 758w, https:\/\/autosphere.ca\/wp-content\/uploads\/2026\/08\/AAA-7-8-300x232.jpg 300w, https:\/\/autosphere.ca\/wp-content\/uploads\/2026\/08\/AAA-7-8-535x413.jpg 535w, https:\/\/autosphere.ca\/wp-content\/uploads\/2026\/08\/AAA-7-8-600x463.jpg 600w\" sizes=\"auto, (max-width: 758px) 100vw, 758px\" \/><\/a><\/div><\/div>\t\t<\/div>\r\n\t\t\t<\/article>\r\n\t<article class=\"w-grid-item post-462621 post type-post status-publish format-standard has-post-thumbnail hentry category-carrosserie category-carrosserie-communique tag-sema\" data-id=\"462621\">\r\n\t\t<div class=\"w-grid-item-h\">\r\n\t\t\t\t\t\t<div class=\"w-hwrapper usg_hwrapper_1 align_left valign_top\" style=\"--hwrapper-gap: 1.20rem;\"><div class=\"w-vwrapper usg_vwrapper_1 align_left valign_top\" style=\"--vwrapper-gap: 0.7rem;\"><h2 class=\"w-post-elm post_title usg_post_title_1 color_link_inherit\"><a href=\"https:\/\/autosphere.ca\/fr\/carrosserie\/2026\/08\/27\/sema-2026-la-carrosserie-et-le-restylage-propulses-par-un-marche-de-15-milliards\/\">SEMA 2026 : la carrosserie et le restylage propuls\u00e9s par un march\u00e9 de 15 milliards $<\/a><\/h2><div class=\"w-post-elm post_content usg_post_content_1\">Port\u00e9es par une forte demande en \u00e9quipements de r\u00e9paration et en personnalisation, les sections carrosserie et restylage affichent complet pour l&rsquo;\u00e9dition de novembre \u00e0 Las Vegas. L&rsquo;organisation du SEMA Show\u2026<\/div><div class=\"w-hwrapper usg_hwrapper_2 align_left valign_top\" style=\"--hwrapper-gap: 1.2rem;\"><time class=\"w-post-elm post_date usg_post_date_1 has_text_color entry-date published\" datetime=\"2026-08-27T10:56:17-04:00\" title=\"27 ao\u00fbt 2026 \u00e0 10:56:17 America\/Toronto\">27 Ao\u00fbt \u00e0 10h56<\/time><\/div><\/div><div class=\"w-post-elm post_image usg_post_image_1 has_width stretched\"><a href=\"https:\/\/autosphere.ca\/fr\/carrosserie\/2026\/08\/27\/sema-2026-la-carrosserie-et-le-restylage-propulses-par-un-marche-de-15-milliards\/\" aria-label=\"SEMA 2026 : la carrosserie et le restylage propuls\u00e9s par un march\u00e9 de 15 milliards $\"><img loading=\"lazy\" decoding=\"async\" width=\"758\" height=\"585\" src=\"https:\/\/autosphere.ca\/wp-content\/uploads\/2026\/08\/AAA-6-7.jpg\" class=\"attachment-us_600_600_crop size-us_600_600_crop wp-post-image\" alt=\"\" srcset=\"https:\/\/autosphere.ca\/wp-content\/uploads\/2026\/08\/AAA-6-7.jpg 758w, https:\/\/autosphere.ca\/wp-content\/uploads\/2026\/08\/AAA-6-7-300x232.jpg 300w, https:\/\/autosphere.ca\/wp-content\/uploads\/2026\/08\/AAA-6-7-535x413.jpg 535w, https:\/\/autosphere.ca\/wp-content\/uploads\/2026\/08\/AAA-6-7-600x463.jpg 600w\" sizes=\"auto, (max-width: 758px) 100vw, 758px\" \/><\/a><\/div><\/div>\t\t<\/div>\r\n\t\t\t<\/article>\r\n\t<article class=\"w-grid-item post-462595 post type-post status-publish format-standard has-post-thumbnail hentry category-carrosserie category-carrosserie-communique tag-wesco\" data-id=\"462595\">\r\n\t\t<div class=\"w-grid-item-h\">\r\n\t\t\t\t\t\t<div class=\"w-hwrapper usg_hwrapper_1 align_left valign_top\" style=\"--hwrapper-gap: 1.20rem;\"><div class=\"w-vwrapper usg_vwrapper_1 align_left valign_top\" style=\"--vwrapper-gap: 0.7rem;\"><h2 class=\"w-post-elm post_title usg_post_title_1 color_link_inherit\"><a href=\"https:\/\/autosphere.ca\/fr\/carrosserie\/2026\/08\/27\/changement-de-garde-chez-wesco\/\">Changement de garde chez Wesco<\/a><\/h2><div class=\"w-post-elm post_content usg_post_content_1\">Le distributeur sp\u00e9cialis\u00e9 en rev\u00eatements et fournitures de carrosserie confie sa direction \u00e0 son pr\u00e9sident actuel pour piloter son vaste r\u00e9seau nord-am\u00e9ricain. Le groupe Wesco, l&rsquo;un des plus importants distributeurs\u2026<\/div><div class=\"w-hwrapper usg_hwrapper_2 align_left valign_top\" style=\"--hwrapper-gap: 1.2rem;\"><time class=\"w-post-elm post_date usg_post_date_1 has_text_color entry-date published\" datetime=\"2026-08-27T10:29:24-04:00\" title=\"27 ao\u00fbt 2026 \u00e0 10:29:24 America\/Toronto\">27 Ao\u00fbt \u00e0 10h29<\/time><\/div><\/div><div class=\"w-post-elm post_image usg_post_image_1 has_width stretched\"><a href=\"https:\/\/autosphere.ca\/fr\/carrosserie\/2026\/08\/27\/changement-de-garde-chez-wesco\/\" aria-label=\"Changement de garde chez Wesco\"><img loading=\"lazy\" decoding=\"async\" width=\"758\" height=\"585\" src=\"https:\/\/autosphere.ca\/wp-content\/uploads\/2026\/08\/AAA-3-6.jpg\" class=\"attachment-us_600_600_crop size-us_600_600_crop wp-post-image\" alt=\"\" srcset=\"https:\/\/autosphere.ca\/wp-content\/uploads\/2026\/08\/AAA-3-6.jpg 758w, https:\/\/autosphere.ca\/wp-content\/uploads\/2026\/08\/AAA-3-6-300x232.jpg 300w, https:\/\/autosphere.ca\/wp-content\/uploads\/2026\/08\/AAA-3-6-535x413.jpg 535w, https:\/\/autosphere.ca\/wp-content\/uploads\/2026\/08\/AAA-3-6-600x463.jpg 600w\" sizes=\"auto, (max-width: 758px) 100vw, 758px\" \/><\/a><\/div><\/div>\t\t<\/div>\r\n\t\t\t<\/article>\r\n<\/div><div class=\"w-grid-carousel-json hidden\" onclick='return {&quot;carousel_settings&quot;:{&quot;aria_labels&quot;:{&quot;prev&quot;:&quot;Pr\\u00e9c\\u00e9dent&quot;,&quot;next&quot;:&quot;Suivant&quot;},&quot;autoplayContinual&quot;:false,&quot;autoplayContinualCss&quot;:false,&quot;autoplayHoverPause&quot;:false,&quot;autoplayTimeout&quot;:5000,&quot;autoWidth&quot;:false,&quot;smartSpeed&quot;:300,&quot;margin&quot;:0,&quot;mouseDrag&quot;:true,&quot;rtl&quot;:false,&quot;slideBy&quot;:&quot;1&quot;,&quot;touchDrag&quot;:true,&quot;slideTransition&quot;:&quot;&quot;,&quot;responsive&quot;:{&quot;0&quot;:{&quot;autoHeight&quot;:false,&quot;autoplay&quot;:false,&quot;autoplayContinualCss&quot;:false,&quot;autoWidth&quot;:false,&quot;center&quot;:false,&quot;dots&quot;:false,&quot;items&quot;:1,&quot;loop&quot;:false,&quot;nav&quot;:false,&quot;stagePadding&quot;:0,&quot;slideBy&quot;:&quot;1&quot;,&quot;touchDrag&quot;:true,&quot;mouseDrag&quot;:true},&quot;601&quot;:{&quot;items&quot;:1,&quot;autoplay&quot;:true,&quot;autoplayContinualCss&quot;:false,&quot;center&quot;:false,&quot;dots&quot;:true,&quot;nav&quot;:false,&quot;autoHeight&quot;:false,&quot;autoWidth&quot;:false,&quot;loop&quot;:true,&quot;stagePadding&quot;:0}}}}'><\/div><\/div><div class=\"w-grid us_carousel us_custom_92b2762d hide_on_default hide_on_laptops hide_on_tablets type_carousel layout_38016 preload_style_spinner\" id=\"us_grid_2\"><style>.layout_38016 .w-grid-item-h{}.layout_38016 .usg_post_image_1{margin-bottom:0.5rem!important}<\/style><div class=\"w-grid-list owl-carousel valign_stretch dotstyle_circle navstyle_circle arrows-ver-pos_middle arrows-hor-pos_on_sides_outside arrows-disabled_hide owl-responsive-2000 with_dots\" style=\"--transition-duration:300ms;\">\t<article class=\"w-grid-item post-462814 post type-post status-publish format-standard has-post-thumbnail hentry category-carrosserie category-carrosserie-communique tag-ccif-fr\" data-id=\"462814\">\r\n\t\t<div class=\"w-grid-item-h\">\r\n\t\t\t\t\t\t<div class=\"w-post-elm post_image usg_post_image_1 stretched\"><a href=\"https:\/\/autosphere.ca\/fr\/carrosserie\/2026\/08\/31\/le-ccif-de-montreal-sadresse-aux-carrossiers-quebecois\/\" aria-label=\"Le CCIF de Montr\u00e9al s\u2019adresse aux carrossiers qu\u00e9b\u00e9cois\"><img loading=\"lazy\" decoding=\"async\" width=\"758\" height=\"585\" src=\"https:\/\/autosphere.ca\/wp-content\/uploads\/2026\/08\/AAA-7-8.jpg\" class=\"attachment-large size-large wp-post-image\" alt=\"\" srcset=\"https:\/\/autosphere.ca\/wp-content\/uploads\/2026\/08\/AAA-7-8.jpg 758w, https:\/\/autosphere.ca\/wp-content\/uploads\/2026\/08\/AAA-7-8-300x232.jpg 300w, https:\/\/autosphere.ca\/wp-content\/uploads\/2026\/08\/AAA-7-8-535x413.jpg 535w, https:\/\/autosphere.ca\/wp-content\/uploads\/2026\/08\/AAA-7-8-600x463.jpg 600w\" sizes=\"auto, (max-width: 758px) 100vw, 758px\" \/><\/a><\/div><h3 class=\"w-post-elm post_title usg_post_title_1 color_link_inherit\"><a href=\"https:\/\/autosphere.ca\/fr\/carrosserie\/2026\/08\/31\/le-ccif-de-montreal-sadresse-aux-carrossiers-quebecois\/\">Le CCIF de Montr\u00e9al s\u2019adresse aux carrossiers qu\u00e9b\u00e9cois<\/a><\/h3>\t\t<\/div>\r\n\t\t\t<\/article>\r\n\t<article class=\"w-grid-item post-462621 post type-post status-publish format-standard has-post-thumbnail hentry category-carrosserie category-carrosserie-communique tag-sema\" data-id=\"462621\">\r\n\t\t<div class=\"w-grid-item-h\">\r\n\t\t\t\t\t\t<div class=\"w-post-elm post_image usg_post_image_1 stretched\"><a href=\"https:\/\/autosphere.ca\/fr\/carrosserie\/2026\/08\/27\/sema-2026-la-carrosserie-et-le-restylage-propulses-par-un-marche-de-15-milliards\/\" aria-label=\"SEMA 2026 : la carrosserie et le restylage propuls\u00e9s par un march\u00e9 de 15 milliards $\"><img loading=\"lazy\" decoding=\"async\" width=\"758\" height=\"585\" src=\"https:\/\/autosphere.ca\/wp-content\/uploads\/2026\/08\/AAA-6-7.jpg\" class=\"attachment-large size-large wp-post-image\" alt=\"\" srcset=\"https:\/\/autosphere.ca\/wp-content\/uploads\/2026\/08\/AAA-6-7.jpg 758w, https:\/\/autosphere.ca\/wp-content\/uploads\/2026\/08\/AAA-6-7-300x232.jpg 300w, https:\/\/autosphere.ca\/wp-content\/uploads\/2026\/08\/AAA-6-7-535x413.jpg 535w, https:\/\/autosphere.ca\/wp-content\/uploads\/2026\/08\/AAA-6-7-600x463.jpg 600w\" sizes=\"auto, (max-width: 758px) 100vw, 758px\" \/><\/a><\/div><h3 class=\"w-post-elm post_title usg_post_title_1 color_link_inherit\"><a href=\"https:\/\/autosphere.ca\/fr\/carrosserie\/2026\/08\/27\/sema-2026-la-carrosserie-et-le-restylage-propulses-par-un-marche-de-15-milliards\/\">SEMA 2026 : la carrosserie et le restylage propuls\u00e9s par un march\u00e9 de 15 milliards $<\/a><\/h3>\t\t<\/div>\r\n\t\t\t<\/article>\r\n\t<article class=\"w-grid-item post-462595 post type-post status-publish format-standard has-post-thumbnail hentry category-carrosserie category-carrosserie-communique tag-wesco\" data-id=\"462595\">\r\n\t\t<div class=\"w-grid-item-h\">\r\n\t\t\t\t\t\t<div class=\"w-post-elm post_image usg_post_image_1 stretched\"><a href=\"https:\/\/autosphere.ca\/fr\/carrosserie\/2026\/08\/27\/changement-de-garde-chez-wesco\/\" aria-label=\"Changement de garde chez Wesco\"><img loading=\"lazy\" decoding=\"async\" width=\"758\" height=\"585\" src=\"https:\/\/autosphere.ca\/wp-content\/uploads\/2026\/08\/AAA-3-6.jpg\" class=\"attachment-large size-large wp-post-image\" alt=\"\" srcset=\"https:\/\/autosphere.ca\/wp-content\/uploads\/2026\/08\/AAA-3-6.jpg 758w, https:\/\/autosphere.ca\/wp-content\/uploads\/2026\/08\/AAA-3-6-300x232.jpg 300w, https:\/\/autosphere.ca\/wp-content\/uploads\/2026\/08\/AAA-3-6-535x413.jpg 535w, https:\/\/autosphere.ca\/wp-content\/uploads\/2026\/08\/AAA-3-6-600x463.jpg 600w\" sizes=\"auto, (max-width: 758px) 100vw, 758px\" \/><\/a><\/div><h3 class=\"w-post-elm post_title usg_post_title_1 color_link_inherit\"><a href=\"https:\/\/autosphere.ca\/fr\/carrosserie\/2026\/08\/27\/changement-de-garde-chez-wesco\/\">Changement de garde chez Wesco<\/a><\/h3>\t\t<\/div>\r\n\t\t\t<\/article>\r\n<\/div><div class=\"w-grid-carousel-json hidden\" onclick='return {&quot;carousel_settings&quot;:{&quot;aria_labels&quot;:{&quot;prev&quot;:&quot;Pr\\u00e9c\\u00e9dent&quot;,&quot;next&quot;:&quot;Suivant&quot;},&quot;autoplayContinual&quot;:false,&quot;autoplayContinualCss&quot;:false,&quot;autoplayHoverPause&quot;:false,&quot;autoplayTimeout&quot;:5000,&quot;autoWidth&quot;:false,&quot;smartSpeed&quot;:300,&quot;margin&quot;:0,&quot;mouseDrag&quot;:true,&quot;rtl&quot;:false,&quot;slideBy&quot;:&quot;1&quot;,&quot;touchDrag&quot;:true,&quot;slideTransition&quot;:&quot;&quot;,&quot;responsive&quot;:{&quot;0&quot;:{&quot;autoHeight&quot;:false,&quot;autoplay&quot;:false,&quot;autoplayContinualCss&quot;:false,&quot;autoWidth&quot;:false,&quot;center&quot;:false,&quot;dots&quot;:false,&quot;items&quot;:1,&quot;loop&quot;:false,&quot;nav&quot;:false,&quot;stagePadding&quot;:0,&quot;slideBy&quot;:&quot;1&quot;,&quot;touchDrag&quot;:true,&quot;mouseDrag&quot;:true},&quot;601&quot;:{&quot;items&quot;:1,&quot;autoplay&quot;:true,&quot;autoplayContinualCss&quot;:false,&quot;center&quot;:false,&quot;dots&quot;:true,&quot;nav&quot;:false,&quot;autoHeight&quot;:false,&quot;autoWidth&quot;:false,&quot;loop&quot;:true,&quot;stagePadding&quot;:0}}}}'><\/div><\/div><\/div><\/div><\/div><\/div><div class=\"g-cols wpb_row us_custom_8dd8fded via_flex valign_top type_default stacking_default\"><div class=\"vc_col-sm-12 wpb_column vc_column_container\"><div class=\"vc_column-inner\"><div class=\"wpb_wrapper\">[vc_raw_html css=\u00a0\u00bb%7B%22default%22%3A%7B%22padding-bottom%22%3A%221rem%22%7D%7D\u00a0\u00bb]JTNDcCUyMGNsYXNzJTNEJTIyc2VwLXJvdXNzZWF1JTIyJTNFQ29udGVudSUyMHBhcnRlbmFpcmVzJTNDJTJGcCUzRQ==[\/vc_raw_html]<div class=\"w-grid us_grid type_grid layout_8479 cols_1 preload_style_spinner\" id=\"us_grid_3\" style=\"--columns:1;--gap:1.5rem;\"><style>.layout_8479 .w-grid-item-h{}.layout_8479 .usg_post_image_1{width:21.5%!important;margin-right:4%!important}.layout_8479 .usg_post_title_1{margin-bottom:0!important}.layout_8479 .usg_post_content_1{font-family:var(--font-family)!important}.layout_8479 .usg_post_date_1{color:#7c8491!important;font-size:14px!important}<\/style><div class=\"w-grid-list\">\t<article class=\"w-grid-item size_1x1 post-423356 post type-post status-publish format-standard has-post-thumbnail hentry category-carrosserie category-carrosserie-publicitaire tag-bilan tag-fix-network-fr tag-reseau-fix-fr\" data-id=\"423356\">\r\n\t\t<div class=\"w-grid-item-h\">\r\n\t\t\t\t\t\t<div class=\"w-hwrapper usg_hwrapper_1 align_left valign_top\" style=\"--hwrapper-gap: 1.2rem;\"><div class=\"w-post-elm post_image usg_post_image_1 has_width stretched\"><a href=\"https:\/\/autosphere.ca\/fr\/carrosserie\/2024\/12\/09\/reseau-fix-la-societe-de-lavenir\/\" aria-label=\"R\u00e9seau Fix : La soci\u00e9t\u00e9 de l&rsquo;avenir !\"><img loading=\"lazy\" decoding=\"async\" width=\"758\" height=\"585\" src=\"https:\/\/autosphere.ca\/wp-content\/uploads\/2024\/12\/Fix-Network-The-Corporation-of-the-Future-.jpg\" class=\"attachment-full size-full wp-post-image\" alt=\"\" srcset=\"https:\/\/autosphere.ca\/wp-content\/uploads\/2024\/12\/Fix-Network-The-Corporation-of-the-Future-.jpg 758w, https:\/\/autosphere.ca\/wp-content\/uploads\/2024\/12\/Fix-Network-The-Corporation-of-the-Future--300x232.jpg 300w, https:\/\/autosphere.ca\/wp-content\/uploads\/2024\/12\/Fix-Network-The-Corporation-of-the-Future--535x413.jpg 535w, https:\/\/autosphere.ca\/wp-content\/uploads\/2024\/12\/Fix-Network-The-Corporation-of-the-Future--600x463.jpg 600w\" sizes=\"auto, (max-width: 758px) 100vw, 758px\" \/><\/a><\/div><div class=\"w-vwrapper usg_vwrapper_1 align_left valign_top\" style=\"--vwrapper-gap: 0.7rem;\"><h4 class=\"w-post-elm post_title usg_post_title_1 color_link_inherit\"><a href=\"https:\/\/autosphere.ca\/fr\/carrosserie\/2024\/12\/09\/reseau-fix-la-societe-de-lavenir\/\">R\u00e9seau Fix : La soci\u00e9t\u00e9 de l&rsquo;avenir !<\/a><\/h4><div class=\"w-post-elm post_content usg_post_content_1\">Alors que le march\u00e9 secondaire de l&rsquo;automobile conna\u00eet une transformation rapide, R\u00e9seau Fix Canada ne se contente pas de s&rsquo;adapter ; il \u00e9tablit la norme\u2026<\/div><time class=\"w-post-elm post_date usg_post_date_1 has_text_color entry-date published\" datetime=\"2024-12-09T17:34:24-05:00\">9 d\u00e9cembre 2024<\/time><\/div><\/div>\t\t<\/div>\r\n\t\t\t<\/article>\r\n\t<article class=\"w-grid-item size_1x1 post-422909 post type-post status-publish format-gallery has-post-thumbnail hentry category-carrosserie category-carrosserie-publicitaire tag-procolor-fr tag-reseau-fix-fr post_format-post-format-gallery\" data-id=\"422909\">\r\n\t\t<div class=\"w-grid-item-h\">\r\n\t\t\t\t\t\t<div class=\"w-hwrapper usg_hwrapper_1 align_left valign_top\" style=\"--hwrapper-gap: 1.2rem;\"><div class=\"w-post-elm post_image usg_post_image_1 has_width stretched\"><a href=\"https:\/\/autosphere.ca\/fr\/carrosserie\/2024\/12\/03\/karim-zaidane-un-entrepreneur-qui-incarne-levolution-dune-industrie-en-pleine-mutation\/\" aria-label=\"Karim Zaidane : un entrepreneur qui incarne l\u2019\u00e9volution d\u2019une industrie en pleine mutation\"><img loading=\"lazy\" decoding=\"async\" width=\"758\" height=\"585\" src=\"https:\/\/autosphere.ca\/wp-content\/uploads\/2024\/12\/Karim-Zaidane-et-son-epouse-entoures-de-lequipe-du-Carrossier-ProColor-LaSalle-A.M.jpg\" class=\"attachment-full size-full wp-post-image\" alt=\"\" srcset=\"https:\/\/autosphere.ca\/wp-content\/uploads\/2024\/12\/Karim-Zaidane-et-son-epouse-entoures-de-lequipe-du-Carrossier-ProColor-LaSalle-A.M.jpg 758w, https:\/\/autosphere.ca\/wp-content\/uploads\/2024\/12\/Karim-Zaidane-et-son-epouse-entoures-de-lequipe-du-Carrossier-ProColor-LaSalle-A.M-300x232.jpg 300w, https:\/\/autosphere.ca\/wp-content\/uploads\/2024\/12\/Karim-Zaidane-et-son-epouse-entoures-de-lequipe-du-Carrossier-ProColor-LaSalle-A.M-535x413.jpg 535w, https:\/\/autosphere.ca\/wp-content\/uploads\/2024\/12\/Karim-Zaidane-et-son-epouse-entoures-de-lequipe-du-Carrossier-ProColor-LaSalle-A.M-600x463.jpg 600w, https:\/\/autosphere.ca\/wp-content\/uploads\/2024\/12\/Karim-Zaidane-et-son-epouse-entoures-de-lequipe-du-Carrossier-ProColor-LaSalle-A.M-150x116.jpg 150w\" sizes=\"auto, (max-width: 758px) 100vw, 758px\" \/><\/a><\/div><div class=\"w-vwrapper usg_vwrapper_1 align_left valign_top\" style=\"--vwrapper-gap: 0.7rem;\"><h4 class=\"w-post-elm post_title usg_post_title_1 color_link_inherit\"><a href=\"https:\/\/autosphere.ca\/fr\/carrosserie\/2024\/12\/03\/karim-zaidane-un-entrepreneur-qui-incarne-levolution-dune-industrie-en-pleine-mutation\/\">Karim Zaidane : un entrepreneur qui incarne l\u2019\u00e9volution d\u2019une industrie en pleine mutation<\/a><\/h4><div class=\"w-post-elm post_content usg_post_content_1\">Karim Zaidane, r\u00e9cipiendaire du Prix du Pr\u00e9sident de R\u00e9seau Fix 2024, incarne un parcours inspirant, compos\u00e9 de r\u00e9silience, d\u2019ambition et de passion pour l\u2019industrie. \u00c2g\u00e9\u2026<\/div><time class=\"w-post-elm post_date usg_post_date_1 has_text_color entry-date published\" datetime=\"2024-12-03T15:00:03-05:00\">3 d\u00e9cembre 2024<\/time><\/div><\/div>\t\t<\/div>\r\n\t\t\t<\/article>\r\n\t<article class=\"w-grid-item size_1x1 post-421779 post type-post status-publish format-standard has-post-thumbnail hentry category-carrosserie category-carrosserie-publicitaire tag-ppg-fr\" data-id=\"421779\">\r\n\t\t<div class=\"w-grid-item-h\">\r\n\t\t\t\t\t\t<div class=\"w-hwrapper usg_hwrapper_1 align_left valign_top\" style=\"--hwrapper-gap: 1.2rem;\"><div class=\"w-post-elm post_image usg_post_image_1 has_width stretched\"><a href=\"https:\/\/autosphere.ca\/fr\/carrosserie\/2024\/11\/18\/une-ere-nouvelle-des-melanges-de-peintures\/\" aria-label=\"Une \u00e8re nouvelle des m\u00e9langes de peintures\"><img loading=\"lazy\" decoding=\"async\" width=\"758\" height=\"585\" src=\"https:\/\/autosphere.ca\/wp-content\/uploads\/2024\/11\/PPG-1.jpg\" class=\"attachment-full size-full wp-post-image\" alt=\"\" srcset=\"https:\/\/autosphere.ca\/wp-content\/uploads\/2024\/11\/PPG-1.jpg 758w, https:\/\/autosphere.ca\/wp-content\/uploads\/2024\/11\/PPG-1-300x232.jpg 300w, https:\/\/autosphere.ca\/wp-content\/uploads\/2024\/11\/PPG-1-535x413.jpg 535w, https:\/\/autosphere.ca\/wp-content\/uploads\/2024\/11\/PPG-1-600x463.jpg 600w, https:\/\/autosphere.ca\/wp-content\/uploads\/2024\/11\/PPG-1-150x116.jpg 150w\" sizes=\"auto, (max-width: 758px) 100vw, 758px\" \/><\/a><\/div><div class=\"w-vwrapper usg_vwrapper_1 align_left valign_top\" style=\"--vwrapper-gap: 0.7rem;\"><h4 class=\"w-post-elm post_title usg_post_title_1 color_link_inherit\"><a href=\"https:\/\/autosphere.ca\/fr\/carrosserie\/2024\/11\/18\/une-ere-nouvelle-des-melanges-de-peintures\/\">Une \u00e8re nouvelle des m\u00e9langes de peintures<\/a><\/h4><div class=\"w-post-elm post_content usg_post_content_1\">L\u2019am\u00e9lioration de la productivit\u00e9 et de la rentabilit\u00e9 des ateliers de carrosserie gr\u00e2ce aux innovations de PPG. Dans le march\u00e9 concurrentiel d\u2019aujourd\u2019hui, les ateliers de\u2026<\/div><time class=\"w-post-elm post_date usg_post_date_1 has_text_color entry-date published\" datetime=\"2024-11-18T12:27:32-05:00\">18 novembre 2024<\/time><\/div><\/div>\t\t<\/div>\r\n\t\t\t<\/article>\r\n<\/div>\t<div class=\"w-grid-preloader\">\r\n\t\t<div class=\"g-preloader type_1\">\r\n\t\t\t<div><\/div>\r\n\t\t<\/div>\r\n\t<\/div>\r\n\t\t<div class=\"w-grid-json hidden\" onclick='return {&quot;action&quot;:&quot;us_ajax_grid&quot;,&quot;infinite_scroll&quot;:0,&quot;max_num_pages&quot;:1,&quot;pagination&quot;:&quot;none&quot;,&quot;template_vars&quot;:{&quot;columns&quot;:&quot;1&quot;,&quot;exclude_items&quot;:&quot;prev&quot;,&quot;img_size&quot;:&quot;full&quot;,&quot;ignore_items_size&quot;:0,&quot;items_layout&quot;:&quot;8479&quot;,&quot;items_offset&quot;:&quot;1&quot;,&quot;load_animation&quot;:&quot;none&quot;,&quot;overriding_link&quot;:&quot;%7B%22url%22%3A%22%22%7D&quot;,&quot;post_id&quot;:0,&quot;query_args&quot;:{&quot;ignore_sticky_posts&quot;:1,&quot;post_type&quot;:&quot;any&quot;,&quot;post__in&quot;:[&quot;421779&quot;,&quot;423356&quot;,&quot;422909&quot;],&quot;tax_query&quot;:[{&quot;taxonomy&quot;:&quot;product_visibility&quot;,&quot;field&quot;:&quot;slug&quot;,&quot;terms&quot;:[&quot;exclude-from-catalog&quot;],&quot;operator&quot;:&quot;NOT IN&quot;}],&quot;post__not_in&quot;:[462814,462621,462595,462814,462621,462595],&quot;posts_per_page&quot;:&quot;5&quot;},&quot;orderby_query_args&quot;:{&quot;orderby&quot;:{&quot;date&quot;:&quot;DESC&quot;}},&quot;type&quot;:&quot;grid&quot;,&quot;us_grid_post_type&quot;:&quot;ids&quot;,&quot;us_grid_ajax_index&quot;:3,&quot;us_grid_filter_query_string&quot;:null,&quot;us_grid_index&quot;:3,&quot;page_args&quot;:[],&quot;lang&quot;:&quot;fr&quot;}}'><\/div>\r\n\t<\/div><\/div><\/div><\/div><\/div><div class=\"g-cols wpb_row us_custom_67187ac5 hide_on_mobiles via_flex valign_top type_default stacking_default\"><div class=\"vc_col-sm-12 wpb_column vc_column_container\"><div class=\"vc_column-inner\"><div class=\"wpb_wrapper\">[vc_raw_html]JTNDdGFibGUlMjB3aWR0aCUzRCUyMjc0OHB4JTIyJTNFJTBBJTIwJTIwJTNDdGJvZHklM0UlMEElMjAlMjAlMjAlMjAlM0N0ciUzRSUwQSUyMCUyMCUyMCUyMCUyMCUyMCUwQSUwOSUyMCUzQ3RkJTIwY2xhc3MlM0QlMjJzcG90bGlnaHQtY2Fycm9zc2VyaWUlMjIlMjB3aWR0aCUzRCUyMjMwMHB4JTIyJTIwJTNFJTNDaW1nJTIwc3JjJTNEJTIyaHR0cHMlM0ElMkYlMkZhdXRvc3BoZXJlLmNhJTJGd3AtY29udGVudCUyRnVwbG9hZHMlMkYyMDI0JTJGMTElMkZTcG90bGlnaHQtQ2Fycm9zc2VyaWUtbG9nby5wbmclMjIlMjB3aWR0aCUzRCUyMjEwMCUyNSUyMiUyMGFsdCUzRCUyMiUyMiUyRiUzRSUzQyUyRnRkJTNFJTIwJTBBJTA5JTNDdGQlMjBjbGFzcyUzRCUyMnNwb3RsaWdodC1jYXJyb3NzZXJpZSUyMiUyMHdpZHRoJTNEJTIyMzBweCUyMiUyMCUzRSUyNm5ic3AlM0IlM0MlMkZ0ZCUzRSUwQSUwOSUwQSUwOSUwOSUzQ3RkJTIwY2xhc3MlM0QlMjJzcG90bGlnaHQtY2Fycm9zc2VyaWUtYm9yZGVyJTIyJTIwd2lkdGglM0QlMjIzMThweCUyMiUyMHN0eWxlJTNEJTIydmVydGljYWwtYWxpZ24lM0ElMjBtaWRkbGUlM0IlMjIlM0UlM0NwJTIwc3R5bGUlM0QlMjJmb250LXNpemUlM0ElMjAxMnB4JTNCdGV4dC1hbGlnbiUzQSUyMHJpZ2h0JTNCbGluZS1oZWlnaHQlM0ElMjAxJTNCJTIyJTNFS2Fzc3klMjBWYXVkcnklMjBhJTIwdHJhdmFpbGwlQzMlQTklMjAxNiUyMGFucyUyMGVuJTIwY2Fycm9zc2VyaWUlMjBhdmFudCUyMGRlJTIwbGFuY2VyJTIwbGUlMjAyJTIwamFudmllciUyMDIwMjMlMkMlMjBsJTI3JUMzJUE5cGlzb2RlJTIwJTIzMSUyMGR1JTIwdG91dCUyMHByZW1pZXIlMjBwb2RjYXN0JTIwZGUlMjBjYXJyb3NzZXJpZSUyMGF1JTIwUXUlQzMlQTliZWMuJTIwRWxsZSUyMHklMjBpbnZpdGUlMjB1bmUlMjB2YXJpJUMzJUE5dCVDMyVBOSUyMGQlMjdhY3RldXJzJTIwZGUlMjBsJTI3aW5kdXN0cmllJTIwcHIlQzMlQUF0JTIwJUMzJUEwJTIwcGFydGFnZXIlMjBsZXVyJTIwaGlzdG9pcmUlMjBldCUyMGxldXIlMjBwYXNzaW9uJTIwcG91ciUyMGxlJTIwbWlsaWV1LiUzQyUyRnAlM0UlM0MlMkZ0ZCUzRSUwQSUyMCUyMCUyMCUyMCUyMCUyMCUzQ3RkJTIwY2xhc3MlM0QlMjJzcG90bGlnaHQtY2Fycm9zc2VyaWUlMjIlMjB3aWR0aCUzRCUyMjEwMHB4JTIyJTIwc3R5bGUlM0QlMjJ2ZXJ0aWNhbC1hbGlnbiUzQSUyMG1pZGRsZSUzQiUyMiUzRSUzQ2ltZyUyMHNyYyUzRCUyMmh0dHBzJTNBJTJGJTJGYXV0b3NwaGVyZS5jYSUyRndwLWNvbnRlbnQlMkZ1cGxvYWRzJTJGMjAyNCUyRjExJTJGS2Fzc3ktVmF1ZHJ5LW1lZGFpbGxvbi5wbmclMjIlMjB3aWR0aCUzRCUyMjEwMCUyNSUyMiUyMGFsdCUzRCUyMiUyMiUyRiUzRSUzQyUyRnRkJTNFJTBBJTA5JTA5JTBBJTIwJTIwJTIwJTIwJTNDJTJGdHIlM0UlMEElMjAlMjAlM0MlMkZ0Ym9keSUzRSUwQSUzQyUyRnRhYmxlJTNFJTBBJTBB[\/vc_raw_html]<div class=\"w-separator size_small\"><\/div><div class=\"w-grid us_grid type_grid layout_8479 cols_1 preload_style_spinner\" id=\"us_grid_4\" style=\"--columns:1;--gap:1.5rem;\" data-filterable=\"true\"><div class=\"w-grid-list\">\t<article class=\"w-grid-item size_1x1 post-460314 post type-post status-publish format-standard has-post-thumbnail hentry category-carrosserie category-carrosserie-editorial tag-spotlight-carrosserie\" data-id=\"460314\">\r\n\t\t<div class=\"w-grid-item-h\">\r\n\t\t\t\t\t\t<div class=\"w-hwrapper usg_hwrapper_1 align_left valign_top\" style=\"--hwrapper-gap: 1.2rem;\"><div class=\"w-post-elm post_image usg_post_image_1 has_width stretched\"><a href=\"https:\/\/autosphere.ca\/fr\/carrosserie\/2026\/07\/16\/apres-un-accident-qui-fait-quoi\/\" aria-label=\"Apr\u00e8s un accident : qui fait quoi ?\"><img loading=\"lazy\" decoding=\"async\" width=\"758\" height=\"585\" src=\"https:\/\/autosphere.ca\/wp-content\/uploads\/2026\/07\/PhotoA1-3-6.jpg\" class=\"attachment-full size-full wp-post-image\" alt=\"\" srcset=\"https:\/\/autosphere.ca\/wp-content\/uploads\/2026\/07\/PhotoA1-3-6.jpg 758w, https:\/\/autosphere.ca\/wp-content\/uploads\/2026\/07\/PhotoA1-3-6-300x232.jpg 300w, https:\/\/autosphere.ca\/wp-content\/uploads\/2026\/07\/PhotoA1-3-6-535x413.jpg 535w, https:\/\/autosphere.ca\/wp-content\/uploads\/2026\/07\/PhotoA1-3-6-600x463.jpg 600w\" sizes=\"auto, (max-width: 758px) 100vw, 758px\" \/><\/a><\/div><div class=\"w-vwrapper usg_vwrapper_1 align_left valign_top\" style=\"--vwrapper-gap: 0.7rem;\"><h4 class=\"w-post-elm post_title usg_post_title_1 color_link_inherit\"><a href=\"https:\/\/autosphere.ca\/fr\/carrosserie\/2026\/07\/16\/apres-un-accident-qui-fait-quoi\/\">Apr\u00e8s un accident : qui fait quoi ?<\/a><\/h4><div class=\"w-post-elm post_content usg_post_content_1\">Lorsque je visite des ateliers de carrosserie, je remarque souvent les magazines Autosphere dans les salles d\u2019attente. J\u2019ai donc d\u00e9cid\u00e9 de profiter de cet espace\u2026<\/div><time class=\"w-post-elm post_date usg_post_date_1 has_text_color entry-date published\" datetime=\"2026-07-16T15:27:40-04:00\">16 juillet 2026<\/time><\/div><\/div>\t\t<\/div>\r\n\t\t\t<\/article>\r\n<\/div>\t<div class=\"w-grid-preloader\">\r\n\t\t<div class=\"g-preloader type_1\">\r\n\t\t\t<div><\/div>\r\n\t\t<\/div>\r\n\t<\/div>\r\n\t\t<div class=\"w-grid-json hidden\" onclick='return {&quot;action&quot;:&quot;us_ajax_grid&quot;,&quot;infinite_scroll&quot;:0,&quot;max_num_pages&quot;:20,&quot;pagination&quot;:&quot;none&quot;,&quot;template_vars&quot;:{&quot;columns&quot;:&quot;1&quot;,&quot;exclude_items&quot;:&quot;prev&quot;,&quot;img_size&quot;:&quot;full&quot;,&quot;ignore_items_size&quot;:0,&quot;items_layout&quot;:&quot;8479&quot;,&quot;items_offset&quot;:&quot;1&quot;,&quot;load_animation&quot;:&quot;none&quot;,&quot;overriding_link&quot;:&quot;%7B%22url%22%3A%22%22%7D&quot;,&quot;post_id&quot;:0,&quot;query_args&quot;:{&quot;post_type&quot;:[&quot;post&quot;],&quot;tax_query&quot;:[{&quot;taxonomy&quot;:&quot;post_tag&quot;,&quot;field&quot;:&quot;slug&quot;,&quot;terms&quot;:[&quot;spotlight-carrosserie&quot;]}],&quot;post_status&quot;:[&quot;publish&quot;,&quot;acf-disabled&quot;,&quot;paused&quot;,&quot;active&quot;,&quot;queued&quot;,&quot;finished&quot;,&quot;autoresponder&quot;,&quot;workflow&quot;],&quot;post__not_in&quot;:[462814,462621,462595,462814,462621,462595,423356,422909,421779],&quot;posts_per_page&quot;:&quot;1&quot;},&quot;orderby_query_args&quot;:{&quot;orderby&quot;:{&quot;date&quot;:&quot;DESC&quot;}},&quot;type&quot;:&quot;grid&quot;,&quot;us_grid_post_type&quot;:&quot;post&quot;,&quot;us_grid_ajax_index&quot;:4,&quot;us_grid_filter_query_string&quot;:null,&quot;us_grid_index&quot;:4,&quot;page_args&quot;:[],&quot;lang&quot;:&quot;fr&quot;}}'><\/div>\r\n\t<\/div><\/div><\/div><\/div><\/div><div class=\"g-cols wpb_row us_custom_67187ac5 hide_on_default hide_on_laptops hide_on_tablets via_flex valign_top type_default stacking_default\"><div class=\"vc_col-sm-12 wpb_column vc_column_container\"><div class=\"vc_column-inner\"><div class=\"wpb_wrapper\"><div class=\"w-image us_custom_57b50a51 align_none\"><div class=\"w-image-h\"><img decoding=\"async\" width=\"750\" height=\"236\" src=\"https:\/\/autosphere.ca\/wp-content\/uploads\/2024\/11\/Spotlight-Carrosserie-logo.png\" class=\"attachment-full size-full\" alt=\"\" loading=\"lazy\" srcset=\"https:\/\/autosphere.ca\/wp-content\/uploads\/2024\/11\/Spotlight-Carrosserie-logo.png 750w, https:\/\/autosphere.ca\/wp-content\/uploads\/2024\/11\/Spotlight-Carrosserie-logo-300x94.png 300w, https:\/\/autosphere.ca\/wp-content\/uploads\/2024\/11\/Spotlight-Carrosserie-logo-600x189.png 600w\" sizes=\"auto, (max-width: 750px) 100vw, 750px\" \/><\/div><\/div>[vc_raw_html]JTNDdGFibGUlMjB3aWR0aCUzRCUyMjQxOHB4JTIyJTNFJTBBJTIwJTIwJTNDdGJvZHklM0UlMEElMjAlMjAlMjAlMjAlM0N0ciUzRSUwQSUyMCUyMCUyMCUyMCUyMCUyMCUwQSUwOSUwQSUwOSUwQSUwOSUwOSUzQ3RkJTIwY2xhc3MlM0QlMjJzcG90bGlnaHQtY2Fycm9zc2VyaWUtYm9yZGVyJTIyJTIwd2lkdGglM0QlMjIzMThweCUyMiUyMHN0eWxlJTNEJTIydmVydGljYWwtYWxpZ24lM0ElMjBtaWRkbGUlM0IlMjIlM0UlM0NwJTIwc3R5bGUlM0QlMjJmb250LXNpemUlM0ElMjAxMnB4JTNCdGV4dC1hbGlnbiUzQSUyMHJpZ2h0JTNCbGluZS1oZWlnaHQlM0ElMjAxJTNCJTIyJTNFS2Fzc3klMjBWYXVkcnklMjBhJTIwdHJhdmFpbGwlQzMlQTklMjAxNiUyMGFucyUyMGVuJTIwY2Fycm9zc2VyaWUlMjBhdmFudCUyMGRlJTIwbGFuY2VyJTIwbGUlMjAyJTIwamFudmllciUyMDIwMjMlMkMlMjBsJTI3JUMzJUE5cGlzb2RlJTIwJTIzMSUyMGR1JTIwdG91dCUyMHByZW1pZXIlMjBwb2RjYXN0JTIwZGUlMjBjYXJyb3NzZXJpZSUyMGF1JTIwUXUlQzMlQTliZWMuJTIwRWxsZSUyMHklMjBpbnZpdGUlMjB1bmUlMjB2YXJpJUMzJUE5dCVDMyVBOSUyMGQlMjdhY3RldXJzJTIwZGUlMjBsJTI3aW5kdXN0cmllJTIwcHIlQzMlQUF0JTIwJUMzJUEwJTIwcGFydGFnZXIlMjBsZXVyJTIwaGlzdG9pcmUlMjBldCUyMGxldXIlMjBwYXNzaW9uJTIwcG91ciUyMGxlJTIwbWlsaWV1LiUzQyUyRnAlM0UlM0MlMkZ0ZCUzRSUwQSUyMCUyMCUyMCUyMCUyMCUyMCUzQ3RkJTIwY2xhc3MlM0QlMjJzcG90bGlnaHQtY2Fycm9zc2VyaWUlMjIlMjB3aWR0aCUzRCUyMjEwMHB4JTIyJTIwc3R5bGUlM0QlMjJ2ZXJ0aWNhbC1hbGlnbiUzQSUyMG1pZGRsZSUzQiUyMiUzRSUzQ2ltZyUyMHNyYyUzRCUyMmh0dHBzJTNBJTJGJTJGYXV0b3NwaGVyZS5jYSUyRndwLWNvbnRlbnQlMkZ1cGxvYWRzJTJGMjAyNCUyRjExJTJGS2Fzc3ktVmF1ZHJ5LW1lZGFpbGxvbi5wbmclMjIlMjB3aWR0aCUzRCUyMjEwMCUyNSUyMiUyMGFsdCUzRCUyMiUyMiUyRiUzRSUzQyUyRnRkJTNFJTBBJTA5JTA5JTBBJTIwJTIwJTIwJTIwJTNDJTJGdHIlM0UlMEElMjAlMjAlM0MlMkZ0Ym9keSUzRSUwQSUzQyUyRnRhYmxlJTNFJTBBJTBB[\/vc_raw_html]<div class=\"w-separator size_small\"><\/div><div class=\"w-grid us_grid type_grid layout_8479 cols_1 preload_style_spinner\" id=\"us_grid_5\" style=\"--columns:1;--gap:1.5rem;\" data-filterable=\"true\"><div class=\"w-grid-list\">\t<article class=\"w-grid-item size_1x1 post-452355 post type-post status-publish format-standard has-post-thumbnail hentry category-carrosserie category-carrosserie-editorial tag-balado tag-femmes tag-metier-non-traditionnel tag-podcast tag-spotlight-carrosserie\" data-id=\"452355\">\r\n\t\t<div class=\"w-grid-item-h\">\r\n\t\t\t\t\t\t<div class=\"w-hwrapper usg_hwrapper_1 align_left valign_top\" style=\"--hwrapper-gap: 1.2rem;\"><div class=\"w-post-elm post_image usg_post_image_1 has_width stretched\"><a href=\"https:\/\/autosphere.ca\/fr\/carrosserie\/2026\/03\/31\/une-rencontre-avec-kassy\/\" aria-label=\"Une rencontre avec Kassy\u2026\"><img loading=\"lazy\" decoding=\"async\" width=\"758\" height=\"585\" src=\"https:\/\/autosphere.ca\/wp-content\/uploads\/2026\/03\/Podcast_Spotlight_Carrosserie_758x585.jpeg\" class=\"attachment-full size-full wp-post-image\" alt=\"\" srcset=\"https:\/\/autosphere.ca\/wp-content\/uploads\/2026\/03\/Podcast_Spotlight_Carrosserie_758x585.jpeg 758w, https:\/\/autosphere.ca\/wp-content\/uploads\/2026\/03\/Podcast_Spotlight_Carrosserie_758x585-300x232.jpeg 300w, https:\/\/autosphere.ca\/wp-content\/uploads\/2026\/03\/Podcast_Spotlight_Carrosserie_758x585-535x413.jpeg 535w, https:\/\/autosphere.ca\/wp-content\/uploads\/2026\/03\/Podcast_Spotlight_Carrosserie_758x585-600x463.jpeg 600w, https:\/\/autosphere.ca\/wp-content\/uploads\/2026\/03\/Podcast_Spotlight_Carrosserie_758x585-550x424.jpeg 550w\" sizes=\"auto, (max-width: 758px) 100vw, 758px\" \/><\/a><\/div><div class=\"w-vwrapper usg_vwrapper_1 align_left valign_top\" style=\"--vwrapper-gap: 0.7rem;\"><h4 class=\"w-post-elm post_title usg_post_title_1 color_link_inherit\"><a href=\"https:\/\/autosphere.ca\/fr\/carrosserie\/2026\/03\/31\/une-rencontre-avec-kassy\/\">Une rencontre avec Kassy\u2026<\/a><\/h4><div class=\"w-post-elm post_content usg_post_content_1\">C\u2019est avec la complicit\u00e9 bienveillante de Val\u00e9rie V\u00e9ronneau que cette nouvelle \u00e9dition du Podcast Spotlight Carrosserie a pu mettre en vedette, Kassy Vaudry en personne\u2026<\/div><time class=\"w-post-elm post_date usg_post_date_1 has_text_color entry-date published\" datetime=\"2026-03-31T12:21:16-04:00\">31 mars 2026<\/time><\/div><\/div>\t\t<\/div>\r\n\t\t\t<\/article>\r\n<\/div>\t<div class=\"w-grid-preloader\">\r\n\t\t<div class=\"g-preloader type_1\">\r\n\t\t\t<div><\/div>\r\n\t\t<\/div>\r\n\t<\/div>\r\n\t\t<div class=\"w-grid-json hidden\" onclick='return {&quot;action&quot;:&quot;us_ajax_grid&quot;,&quot;infinite_scroll&quot;:0,&quot;max_num_pages&quot;:19,&quot;pagination&quot;:&quot;none&quot;,&quot;template_vars&quot;:{&quot;columns&quot;:&quot;1&quot;,&quot;exclude_items&quot;:&quot;prev&quot;,&quot;img_size&quot;:&quot;full&quot;,&quot;ignore_items_size&quot;:0,&quot;items_layout&quot;:&quot;8479&quot;,&quot;items_offset&quot;:&quot;1&quot;,&quot;load_animation&quot;:&quot;none&quot;,&quot;overriding_link&quot;:&quot;%7B%22url%22%3A%22%22%7D&quot;,&quot;post_id&quot;:0,&quot;query_args&quot;:{&quot;post_type&quot;:[&quot;post&quot;],&quot;tax_query&quot;:[{&quot;taxonomy&quot;:&quot;post_tag&quot;,&quot;field&quot;:&quot;slug&quot;,&quot;terms&quot;:[&quot;spotlight-carrosserie&quot;]}],&quot;post_status&quot;:[&quot;publish&quot;,&quot;acf-disabled&quot;,&quot;paused&quot;,&quot;active&quot;,&quot;queued&quot;,&quot;finished&quot;,&quot;autoresponder&quot;,&quot;workflow&quot;],&quot;post__not_in&quot;:[462814,462621,462595,462814,462621,462595,423356,422909,421779,460314],&quot;posts_per_page&quot;:&quot;1&quot;},&quot;orderby_query_args&quot;:{&quot;orderby&quot;:{&quot;date&quot;:&quot;DESC&quot;}},&quot;type&quot;:&quot;grid&quot;,&quot;us_grid_post_type&quot;:&quot;post&quot;,&quot;us_grid_ajax_index&quot;:5,&quot;us_grid_filter_query_string&quot;:null,&quot;us_grid_index&quot;:5,&quot;page_args&quot;:[],&quot;lang&quot;:&quot;fr&quot;}}'><\/div>\r\n\t<\/div><\/div><\/div><\/div><\/div><div class=\"g-cols wpb_row us_custom_4c77c721 via_flex valign_top type_default stacking_default\"><div class=\"vc_col-sm-12 wpb_column vc_column_container\"><div class=\"vc_column-inner\"><div class=\"wpb_wrapper\"><div class=\"w-grid us_grid type_grid layout_8479 cols_1 pagination_regular preload_style_spinner\" id=\"us_grid_6\" style=\"--columns:1;--gap:1.5rem;--title-font-size: 1.25rem;\" data-filterable=\"true\"><div class=\"w-grid-list\">\t<article class=\"w-grid-item size_1x1 post-462500 post type-post status-publish format-standard has-post-thumbnail hentry category-carrosserie category-carrosserie-publicitaire tag-csn\" data-id=\"462500\">\r\n\t\t<div class=\"w-grid-item-h\">\r\n\t\t\t\t\t\t<div class=\"w-hwrapper usg_hwrapper_1 align_left valign_top\" style=\"--hwrapper-gap: 1.2rem;\"><div class=\"w-post-elm post_image usg_post_image_1 has_width stretched\"><a href=\"https:\/\/autosphere.ca\/fr\/carrosserie\/2026\/08\/26\/lexpertise-technologique-qui-ouvre-des-portes\/\" aria-label=\"L&rsquo;expertise technologique qui ouvre des portes\"><img loading=\"lazy\" decoding=\"async\" width=\"535\" height=\"413\" src=\"https:\/\/autosphere.ca\/wp-content\/uploads\/2026\/08\/AAA-10-4-535x413.jpg\" class=\"attachment-us_535_413_crop size-us_535_413_crop wp-post-image\" alt=\"\" srcset=\"https:\/\/autosphere.ca\/wp-content\/uploads\/2026\/08\/AAA-10-4-535x413.jpg 535w, https:\/\/autosphere.ca\/wp-content\/uploads\/2026\/08\/AAA-10-4-300x232.jpg 300w, https:\/\/autosphere.ca\/wp-content\/uploads\/2026\/08\/AAA-10-4-600x463.jpg 600w, https:\/\/autosphere.ca\/wp-content\/uploads\/2026\/08\/AAA-10-4.jpg 758w\" sizes=\"auto, (max-width: 535px) 100vw, 535px\" \/><\/a><\/div><div class=\"w-vwrapper usg_vwrapper_1 align_left valign_top\" style=\"--vwrapper-gap: 0.7rem;\"><h4 class=\"w-post-elm post_title usg_post_title_1 color_link_inherit\"><a href=\"https:\/\/autosphere.ca\/fr\/carrosserie\/2026\/08\/26\/lexpertise-technologique-qui-ouvre-des-portes\/\">L&rsquo;expertise technologique qui ouvre des portes<\/a><\/h4><div class=\"w-post-elm post_content usg_post_content_1\">Deux ateliers qu\u00e9b\u00e9cois de la banni\u00e8re CSN Collision illustrent l&rsquo;engagement de ce r\u00e9seau envers l&rsquo;expertise technologique et la qualit\u00e9 de ses relations avec la client\u00e8le.\u2026<\/div><time class=\"w-post-elm post_date usg_post_date_1 has_text_color entry-date published\" datetime=\"2026-08-26T13:56:20-04:00\">26 ao\u00fbt 2026<\/time><\/div><\/div>\t\t<\/div>\r\n\t\t\t<\/article>\r\n\t<article class=\"w-grid-item size_1x1 post-462491 post type-post status-publish format-standard has-post-thumbnail hentry category-carrosserie category-carrosserie-editorial tag-reparations\" data-id=\"462491\">\r\n\t\t<div class=\"w-grid-item-h\">\r\n\t\t\t\t\t\t<div class=\"w-hwrapper usg_hwrapper_1 align_left valign_top\" style=\"--hwrapper-gap: 1.2rem;\"><div class=\"w-post-elm post_image usg_post_image_1 has_width stretched\"><a href=\"https:\/\/autosphere.ca\/fr\/carrosserie\/2026\/08\/26\/pourquoi-remplacer-le-phare-dune-voiture-coute-une-fortune\/\" aria-label=\"Pourquoi remplacer le phare d\u2019une voiture co\u00fbte une fortune ?\"><img loading=\"lazy\" decoding=\"async\" width=\"535\" height=\"413\" src=\"https:\/\/autosphere.ca\/wp-content\/uploads\/2026\/08\/AAA-7-5-535x413.jpg\" class=\"attachment-us_535_413_crop size-us_535_413_crop wp-post-image\" alt=\"\" srcset=\"https:\/\/autosphere.ca\/wp-content\/uploads\/2026\/08\/AAA-7-5-535x413.jpg 535w, https:\/\/autosphere.ca\/wp-content\/uploads\/2026\/08\/AAA-7-5-300x232.jpg 300w, https:\/\/autosphere.ca\/wp-content\/uploads\/2026\/08\/AAA-7-5-600x463.jpg 600w, https:\/\/autosphere.ca\/wp-content\/uploads\/2026\/08\/AAA-7-5.jpg 758w\" sizes=\"auto, (max-width: 535px) 100vw, 535px\" \/><\/a><\/div><div class=\"w-vwrapper usg_vwrapper_1 align_left valign_top\" style=\"--vwrapper-gap: 0.7rem;\"><h4 class=\"w-post-elm post_title usg_post_title_1 color_link_inherit\"><a href=\"https:\/\/autosphere.ca\/fr\/carrosserie\/2026\/08\/26\/pourquoi-remplacer-le-phare-dune-voiture-coute-une-fortune\/\">Pourquoi remplacer le phare d\u2019une voiture co\u00fbte une fortune ?<\/a><\/h4><div class=\"w-post-elm post_content usg_post_content_1\">On ne vous apprend rien en vous disant que les co\u00fbts de r\u00e9paration des v\u00e9hicules, ainsi que de leur entretien, ont explos\u00e9 ces derni\u00e8res ann\u00e9es.\u2026<\/div><time class=\"w-post-elm post_date usg_post_date_1 has_text_color entry-date published\" datetime=\"2026-08-26T13:38:56-04:00\">26 ao\u00fbt 2026<\/time><\/div><\/div>\t\t<\/div>\r\n\t\t\t<\/article>\r\n\t<article class=\"w-grid-item size_1x1 post-462488 post type-post status-publish format-standard has-post-thumbnail hentry category-carrosserie category-carrosserie-editorial tag-carstar\" data-id=\"462488\">\r\n\t\t<div class=\"w-grid-item-h\">\r\n\t\t\t\t\t\t<div class=\"w-hwrapper usg_hwrapper_1 align_left valign_top\" style=\"--hwrapper-gap: 1.2rem;\"><div class=\"w-post-elm post_image usg_post_image_1 has_width stretched\"><a href=\"https:\/\/autosphere.ca\/fr\/carrosserie\/2026\/08\/26\/la-conference-carstar-2026-a-un-grand-impact\/\" aria-label=\"La Conf\u00e9rence CARSTAR 2026 a un grand \u00ab Impact \u00bb\"><img loading=\"lazy\" decoding=\"async\" width=\"535\" height=\"413\" src=\"https:\/\/autosphere.ca\/wp-content\/uploads\/2026\/08\/AAA-1-5-535x413.jpg\" class=\"attachment-us_535_413_crop size-us_535_413_crop wp-post-image\" alt=\"\" srcset=\"https:\/\/autosphere.ca\/wp-content\/uploads\/2026\/08\/AAA-1-5-535x413.jpg 535w, https:\/\/autosphere.ca\/wp-content\/uploads\/2026\/08\/AAA-1-5-300x232.jpg 300w, https:\/\/autosphere.ca\/wp-content\/uploads\/2026\/08\/AAA-1-5-600x463.jpg 600w, https:\/\/autosphere.ca\/wp-content\/uploads\/2026\/08\/AAA-1-5.jpg 758w\" sizes=\"auto, (max-width: 535px) 100vw, 535px\" \/><\/a><\/div><div class=\"w-vwrapper usg_vwrapper_1 align_left valign_top\" style=\"--vwrapper-gap: 0.7rem;\"><h4 class=\"w-post-elm post_title usg_post_title_1 color_link_inherit\"><a href=\"https:\/\/autosphere.ca\/fr\/carrosserie\/2026\/08\/26\/la-conference-carstar-2026-a-un-grand-impact\/\">La Conf\u00e9rence CARSTAR 2026 a un grand \u00ab Impact \u00bb<\/a><\/h4><div class=\"w-post-elm post_content usg_post_content_1\">La journ\u00e9e d&rsquo;ouverture a offert du contenu hautement \u00e9ducatif, inspirant et v\u00e9ritablement touchant Du 18 au 20 ao\u00fbt, CARSTAR Canada a tenu sa Conf\u00e9rence annuelle\u2026<\/div><time class=\"w-post-elm post_date usg_post_date_1 has_text_color entry-date published\" datetime=\"2026-08-26T13:14:14-04:00\">26 ao\u00fbt 2026<\/time><\/div><\/div>\t\t<\/div>\r\n\t\t\t<\/article>\r\n\t<article class=\"w-grid-item size_1x1 post-462385 post type-post status-publish format-standard has-post-thumbnail hentry category-carrosserie category-carrosserie-editorial tag-ccpq-fr\" data-id=\"462385\">\r\n\t\t<div class=\"w-grid-item-h\">\r\n\t\t\t\t\t\t<div class=\"w-hwrapper usg_hwrapper_1 align_left valign_top\" style=\"--hwrapper-gap: 1.2rem;\"><div class=\"w-post-elm post_image usg_post_image_1 has_width stretched\"><a href=\"https:\/\/autosphere.ca\/fr\/carrosserie\/2026\/08\/26\/lindustrie-de-la-carrosserie-celebre-lesprit-woodstock-a-quebec\/\" aria-label=\"L\u2019industrie de la carrosserie c\u00e9l\u00e8bre l\u2019esprit Woodstock \u00e0 Qu\u00e9bec\"><img loading=\"lazy\" decoding=\"async\" width=\"535\" height=\"413\" src=\"https:\/\/autosphere.ca\/wp-content\/uploads\/2026\/08\/AAA-25-535x413.jpg\" class=\"attachment-us_535_413_crop size-us_535_413_crop wp-post-image\" alt=\"\" srcset=\"https:\/\/autosphere.ca\/wp-content\/uploads\/2026\/08\/AAA-25-535x413.jpg 535w, https:\/\/autosphere.ca\/wp-content\/uploads\/2026\/08\/AAA-25-300x232.jpg 300w, https:\/\/autosphere.ca\/wp-content\/uploads\/2026\/08\/AAA-25-600x463.jpg 600w, https:\/\/autosphere.ca\/wp-content\/uploads\/2026\/08\/AAA-25.jpg 758w\" sizes=\"auto, (max-width: 535px) 100vw, 535px\" \/><\/a><\/div><div class=\"w-vwrapper usg_vwrapper_1 align_left valign_top\" style=\"--vwrapper-gap: 0.7rem;\"><h4 class=\"w-post-elm post_title usg_post_title_1 color_link_inherit\"><a href=\"https:\/\/autosphere.ca\/fr\/carrosserie\/2026\/08\/26\/lindustrie-de-la-carrosserie-celebre-lesprit-woodstock-a-quebec\/\">L\u2019industrie de la carrosserie c\u00e9l\u00e8bre l\u2019esprit Woodstock \u00e0 Qu\u00e9bec<\/a><\/h4><div class=\"w-post-elm post_content usg_post_content_1\">Le 20 ao\u00fbt dernier, le restaurant th\u00e9matique C\u00e9cile et Ramone de Qu\u00e9bec s\u2019est transform\u00e9 en v\u00e9ritable voyage dans le temps \u00e0 l\u2019occasion de l\u2019Exp\u00e9rience Woodstock,\u2026<\/div><time class=\"w-post-elm post_date usg_post_date_1 has_text_color entry-date published\" datetime=\"2026-08-26T10:15:52-04:00\">26 ao\u00fbt 2026<\/time><\/div><\/div>\t\t<\/div>\r\n\t\t\t<\/article>\r\n\t<article class=\"w-grid-item size_1x1 post-462269 post type-post status-publish format-standard has-post-thumbnail hentry category-carrosserie category-carrosserie-communique tag-akzonobel-fr tag-axalta\" data-id=\"462269\">\r\n\t\t<div class=\"w-grid-item-h\">\r\n\t\t\t\t\t\t<div class=\"w-hwrapper usg_hwrapper_1 align_left valign_top\" style=\"--hwrapper-gap: 1.2rem;\"><div class=\"w-post-elm post_image usg_post_image_1 has_width stretched\"><a href=\"https:\/\/autosphere.ca\/fr\/carrosserie\/2026\/08\/21\/fusion-de-deux-geants-de-la-peinture\/\" aria-label=\"Fusion de deux g\u00e9ants de la peinture\"><img loading=\"lazy\" decoding=\"async\" width=\"535\" height=\"413\" src=\"https:\/\/autosphere.ca\/wp-content\/uploads\/2026\/08\/AAA-17-535x413.jpg\" class=\"attachment-us_535_413_crop size-us_535_413_crop wp-post-image\" alt=\"\" srcset=\"https:\/\/autosphere.ca\/wp-content\/uploads\/2026\/08\/AAA-17-535x413.jpg 535w, https:\/\/autosphere.ca\/wp-content\/uploads\/2026\/08\/AAA-17-300x232.jpg 300w, https:\/\/autosphere.ca\/wp-content\/uploads\/2026\/08\/AAA-17-600x463.jpg 600w, https:\/\/autosphere.ca\/wp-content\/uploads\/2026\/08\/AAA-17-758x585.jpg 770w, https:\/\/autosphere.ca\/wp-content\/uploads\/2026\/08\/AAA-17.jpg 758w\" sizes=\"auto, (max-width: 535px) 100vw, 535px\" \/><\/a><\/div><div class=\"w-vwrapper usg_vwrapper_1 align_left valign_top\" style=\"--vwrapper-gap: 0.7rem;\"><h4 class=\"w-post-elm post_title usg_post_title_1 color_link_inherit\"><a href=\"https:\/\/autosphere.ca\/fr\/carrosserie\/2026\/08\/21\/fusion-de-deux-geants-de-la-peinture\/\">Fusion de deux g\u00e9ants de la peinture<\/a><\/h4><div class=\"w-post-elm post_content usg_post_content_1\">La cr\u00e9ation d&rsquo;un colosse mondial du rev\u00eatement franchit une \u00e9tape majeure, promettant d&rsquo;\u00e9branler la dynamique d&rsquo;approvisionnement et de prix dans les ateliers de carrosserie. Les\u2026<\/div><time class=\"w-post-elm post_date usg_post_date_1 has_text_color entry-date published\" datetime=\"2026-08-21T15:34:10-04:00\">21 ao\u00fbt 2026<\/time><\/div><\/div>\t\t<\/div>\r\n\t\t\t<\/article>\r\n\t<article class=\"w-grid-item size_1x1 post-462261 post type-post status-publish format-standard has-post-thumbnail hentry category-carrosserie category-carrosserie-communique tag-3m-automotive-aftermarket\" data-id=\"462261\">\r\n\t\t<div class=\"w-grid-item-h\">\r\n\t\t\t\t\t\t<div class=\"w-hwrapper usg_hwrapper_1 align_left valign_top\" style=\"--hwrapper-gap: 1.2rem;\"><div class=\"w-post-elm post_image usg_post_image_1 has_width stretched\"><a href=\"https:\/\/autosphere.ca\/fr\/carrosserie\/2026\/08\/21\/changement-de-garde-chez-3m-automotive-aftermarket\/\" aria-label=\"Changement de garde chez 3M Automotive Aftermarket\"><img loading=\"lazy\" decoding=\"async\" width=\"535\" height=\"413\" src=\"https:\/\/autosphere.ca\/wp-content\/uploads\/2026\/08\/AAA-13-1-535x413.jpg\" class=\"attachment-us_535_413_crop size-us_535_413_crop wp-post-image\" alt=\"\" srcset=\"https:\/\/autosphere.ca\/wp-content\/uploads\/2026\/08\/AAA-13-1-535x413.jpg 535w, https:\/\/autosphere.ca\/wp-content\/uploads\/2026\/08\/AAA-13-1-300x232.jpg 300w, https:\/\/autosphere.ca\/wp-content\/uploads\/2026\/08\/AAA-13-1-600x463.jpg 600w, https:\/\/autosphere.ca\/wp-content\/uploads\/2026\/08\/AAA-13-1.jpg 758w\" sizes=\"auto, (max-width: 535px) 100vw, 535px\" \/><\/a><\/div><div class=\"w-vwrapper usg_vwrapper_1 align_left valign_top\" style=\"--vwrapper-gap: 0.7rem;\"><h4 class=\"w-post-elm post_title usg_post_title_1 color_link_inherit\"><a href=\"https:\/\/autosphere.ca\/fr\/carrosserie\/2026\/08\/21\/changement-de-garde-chez-3m-automotive-aftermarket\/\">Changement de garde chez 3M Automotive Aftermarket<\/a><\/h4><div class=\"w-post-elm post_content usg_post_content_1\">Dave Gunderson, pr\u00e9sident de la division du march\u00e9 secondaire de l\u2019automobile (AAD) de 3M, prendra sa retraite le 1er octobre 2026 apr\u00e8s 38 ans au\u2026<\/div><time class=\"w-post-elm post_date usg_post_date_1 has_text_color entry-date published\" datetime=\"2026-08-21T15:23:57-04:00\">21 ao\u00fbt 2026<\/time><\/div><\/div>\t\t<\/div>\r\n\t\t\t<\/article>\r\n\t<article class=\"w-grid-item size_1x1 post-462231 post type-post status-publish format-standard has-post-thumbnail hentry category-carrosserie category-carrosserie-communique tag-mitchell\" data-id=\"462231\">\r\n\t\t<div class=\"w-grid-item-h\">\r\n\t\t\t\t\t\t<div class=\"w-hwrapper usg_hwrapper_1 align_left valign_top\" style=\"--hwrapper-gap: 1.2rem;\"><div class=\"w-post-elm post_image usg_post_image_1 has_width stretched\"><a href=\"https:\/\/autosphere.ca\/fr\/carrosserie\/2026\/08\/21\/lecart-de-cout-de-sinistre-entre-ve-et-vehicules-a-essence-a-son-plus-bas\/\" aria-label=\"L&rsquo;\u00e9cart de co\u00fbt de sinistre entre V\u00c9 et v\u00e9hicules \u00e0 essence \u00e0 son plus bas\"><img loading=\"lazy\" decoding=\"async\" width=\"535\" height=\"413\" src=\"https:\/\/autosphere.ca\/wp-content\/uploads\/2026\/08\/AAA-9-2-535x413.jpg\" class=\"attachment-us_535_413_crop size-us_535_413_crop wp-post-image\" alt=\"\" srcset=\"https:\/\/autosphere.ca\/wp-content\/uploads\/2026\/08\/AAA-9-2-535x413.jpg 535w, https:\/\/autosphere.ca\/wp-content\/uploads\/2026\/08\/AAA-9-2-300x232.jpg 300w, https:\/\/autosphere.ca\/wp-content\/uploads\/2026\/08\/AAA-9-2-600x463.jpg 600w, https:\/\/autosphere.ca\/wp-content\/uploads\/2026\/08\/AAA-9-2.jpg 758w\" sizes=\"auto, (max-width: 535px) 100vw, 535px\" \/><\/a><\/div><div class=\"w-vwrapper usg_vwrapper_1 align_left valign_top\" style=\"--vwrapper-gap: 0.7rem;\"><h4 class=\"w-post-elm post_title usg_post_title_1 color_link_inherit\"><a href=\"https:\/\/autosphere.ca\/fr\/carrosserie\/2026\/08\/21\/lecart-de-cout-de-sinistre-entre-ve-et-vehicules-a-essence-a-son-plus-bas\/\">L&rsquo;\u00e9cart de co\u00fbt de sinistre entre V\u00c9 et v\u00e9hicules \u00e0 essence \u00e0 son plus bas<\/a><\/h4><div class=\"w-post-elm post_content usg_post_content_1\">Mitchell, sp\u00e9cialiste des solutions technologiques d&rsquo;estimation de dommages et de gestion de r\u00e9clamations, d\u00e9voile son plus r\u00e9cent rapport Plugged-In: EV Collision Insights. Pour le dernier\u2026<\/div><time class=\"w-post-elm post_date usg_post_date_1 has_text_color entry-date published\" datetime=\"2026-08-21T14:56:25-04:00\">21 ao\u00fbt 2026<\/time><\/div><\/div>\t\t<\/div>\r\n\t\t\t<\/article>\r\n\t<article class=\"w-grid-item size_1x1 post-462081 post type-post status-publish format-standard has-post-thumbnail hentry category-carrosserie category-carrosserie-communique tag-baileigh-industrial\" data-id=\"462081\">\r\n\t\t<div class=\"w-grid-item-h\">\r\n\t\t\t\t\t\t<div class=\"w-hwrapper usg_hwrapper_1 align_left valign_top\" style=\"--hwrapper-gap: 1.2rem;\"><div class=\"w-post-elm post_image usg_post_image_1 has_width stretched\"><a href=\"https:\/\/autosphere.ca\/fr\/carrosserie\/2026\/08\/19\/baileigh-lance-sa-nouvelle-gamme-de-ponceuses-larges-et-depoussiereurs\/\" aria-label=\"Baileigh lance sa nouvelle gamme de ponceuses larges et d\u00e9poussi\u00e9reurs\"><img loading=\"lazy\" decoding=\"async\" width=\"535\" height=\"413\" src=\"https:\/\/autosphere.ca\/wp-content\/uploads\/2026\/08\/AAA-8-1-535x413.jpg\" class=\"attachment-us_535_413_crop size-us_535_413_crop wp-post-image\" alt=\"\" srcset=\"https:\/\/autosphere.ca\/wp-content\/uploads\/2026\/08\/AAA-8-1-535x413.jpg 535w, https:\/\/autosphere.ca\/wp-content\/uploads\/2026\/08\/AAA-8-1-300x232.jpg 300w, https:\/\/autosphere.ca\/wp-content\/uploads\/2026\/08\/AAA-8-1-600x463.jpg 600w, https:\/\/autosphere.ca\/wp-content\/uploads\/2026\/08\/AAA-8-1.jpg 758w\" sizes=\"auto, (max-width: 535px) 100vw, 535px\" \/><\/a><\/div><div class=\"w-vwrapper usg_vwrapper_1 align_left valign_top\" style=\"--vwrapper-gap: 0.7rem;\"><h4 class=\"w-post-elm post_title usg_post_title_1 color_link_inherit\"><a href=\"https:\/\/autosphere.ca\/fr\/carrosserie\/2026\/08\/19\/baileigh-lance-sa-nouvelle-gamme-de-ponceuses-larges-et-depoussiereurs\/\">Baileigh lance sa nouvelle gamme de ponceuses larges et d\u00e9poussi\u00e9reurs<\/a><\/h4><div class=\"w-post-elm post_content usg_post_content_1\">Le fabricant d&rsquo;\u00e9quipements industriels Baileigh Industrial annonce le lancement d&rsquo;une nouvelle ligne de ponceuses \u00e0 bande large de 37 pouces coupl\u00e9e \u00e0 des d\u00e9poussi\u00e9reurs de\u2026<\/div><time class=\"w-post-elm post_date usg_post_date_1 has_text_color entry-date published\" datetime=\"2026-08-19T09:56:32-04:00\">19 ao\u00fbt 2026<\/time><\/div><\/div>\t\t<\/div>\r\n\t\t\t<\/article>\r\n\t<article class=\"w-grid-item size_1x1 post-461866 post type-post status-publish format-standard has-post-thumbnail hentry category-carrosserie category-carrosserie-communique tag-carstar\" data-id=\"461866\">\r\n\t\t<div class=\"w-grid-item-h\">\r\n\t\t\t\t\t\t<div class=\"w-hwrapper usg_hwrapper_1 align_left valign_top\" style=\"--hwrapper-gap: 1.2rem;\"><div class=\"w-post-elm post_image usg_post_image_1 has_width stretched\"><a href=\"https:\/\/autosphere.ca\/fr\/carrosserie\/2026\/08\/14\/carstar-onoway-double-le-montant-amasse-pour-fibrose-kystique-canada\/\" aria-label=\"CARSTAR Onoway double le montant amass\u00e9 pour Fibrose kystique Canada\"><img loading=\"lazy\" decoding=\"async\" width=\"535\" height=\"413\" src=\"https:\/\/autosphere.ca\/wp-content\/uploads\/2026\/08\/AAA-1-1-535x413.jpg\" class=\"attachment-us_535_413_crop size-us_535_413_crop wp-post-image\" alt=\"\" srcset=\"https:\/\/autosphere.ca\/wp-content\/uploads\/2026\/08\/AAA-1-1-535x413.jpg 535w, https:\/\/autosphere.ca\/wp-content\/uploads\/2026\/08\/AAA-1-1-300x232.jpg 300w, https:\/\/autosphere.ca\/wp-content\/uploads\/2026\/08\/AAA-1-1-600x463.jpg 600w, https:\/\/autosphere.ca\/wp-content\/uploads\/2026\/08\/AAA-1-1.jpg 758w\" sizes=\"auto, (max-width: 535px) 100vw, 535px\" \/><\/a><\/div><div class=\"w-vwrapper usg_vwrapper_1 align_left valign_top\" style=\"--vwrapper-gap: 0.7rem;\"><h4 class=\"w-post-elm post_title usg_post_title_1 color_link_inherit\"><a href=\"https:\/\/autosphere.ca\/fr\/carrosserie\/2026\/08\/14\/carstar-onoway-double-le-montant-amasse-pour-fibrose-kystique-canada\/\">CARSTAR Onoway double le montant amass\u00e9 pour Fibrose kystique Canada<\/a><\/h4><div class=\"w-post-elm post_content usg_post_content_1\">CARSTAR Canada a tenu \u00e0 souligner l&rsquo;initiative de financement communautaire de ses partenaires franchis\u00e9s, Dave et Candi Cooper de CARSTAR Onoway (Jack\u2019s Autobody), au profit\u2026<\/div><time class=\"w-post-elm post_date usg_post_date_1 has_text_color entry-date published\" datetime=\"2026-08-14T14:23:17-04:00\">14 ao\u00fbt 2026<\/time><\/div><\/div>\t\t<\/div>\r\n\t\t\t<\/article>\r\n\t<article class=\"w-grid-item size_1x1 post-461856 post type-post status-publish format-standard has-post-thumbnail hentry category-carrosserie category-carrosserie-communique tag-reseau-fix-fr\" data-id=\"461856\">\r\n\t\t<div class=\"w-grid-item-h\">\r\n\t\t\t\t\t\t<div class=\"w-hwrapper usg_hwrapper_1 align_left valign_top\" style=\"--hwrapper-gap: 1.2rem;\"><div class=\"w-post-elm post_image usg_post_image_1 has_width stretched\"><a href=\"https:\/\/autosphere.ca\/fr\/carrosserie\/2026\/08\/14\/partenariat-pancanadien-pour-reseau-fix\/\" aria-label=\"Partenariat pancanadien pour R\u00e9seau Fix\"><img loading=\"lazy\" decoding=\"async\" width=\"535\" height=\"413\" src=\"https:\/\/autosphere.ca\/wp-content\/uploads\/2026\/08\/AAA-2-4-535x413.jpg\" class=\"attachment-us_535_413_crop size-us_535_413_crop wp-post-image\" alt=\"\" srcset=\"https:\/\/autosphere.ca\/wp-content\/uploads\/2026\/08\/AAA-2-4-535x413.jpg 535w, https:\/\/autosphere.ca\/wp-content\/uploads\/2026\/08\/AAA-2-4-300x232.jpg 300w, https:\/\/autosphere.ca\/wp-content\/uploads\/2026\/08\/AAA-2-4-600x463.jpg 600w, https:\/\/autosphere.ca\/wp-content\/uploads\/2026\/08\/AAA-2-4.jpg 758w\" sizes=\"auto, (max-width: 535px) 100vw, 535px\" \/><\/a><\/div><div class=\"w-vwrapper usg_vwrapper_1 align_left valign_top\" style=\"--vwrapper-gap: 0.7rem;\"><h4 class=\"w-post-elm post_title usg_post_title_1 color_link_inherit\"><a href=\"https:\/\/autosphere.ca\/fr\/carrosserie\/2026\/08\/14\/partenariat-pancanadien-pour-reseau-fix\/\">Partenariat pancanadien pour R\u00e9seau Fix<\/a><\/h4><div class=\"w-post-elm post_content usg_post_content_1\">Le R\u00e9seau Fix, chef de file mondial des services du march\u00e9 secondaire de l&rsquo;automobile, annonce la signature d&rsquo;un partenariat strat\u00e9gique avec Uniparts OEM Canada et\u2026<\/div><time class=\"w-post-elm post_date usg_post_date_1 has_text_color entry-date published\" datetime=\"2026-08-14T14:15:03-04:00\">14 ao\u00fbt 2026<\/time><\/div><\/div>\t\t<\/div>\r\n\t\t\t<\/article>\r\n<\/div>\t<div class=\"w-grid-preloader\">\r\n\t\t<div class=\"g-preloader type_1\">\r\n\t\t\t<div><\/div>\r\n\t\t<\/div>\r\n\t<\/div>\r\n\t\t\t\t<nav class=\"pagination navigation\" role=\"navigation\">\r\n\t\t\t\t<div class=\"nav-links custom us-nav-style_3\">\r\n\t\t\t\t\t<span aria-label=\"Page 1\" aria-current=\"page\" class=\"page-numbers current\"><span>1<\/span><\/span>\n<a aria-label=\"Page 2\" class=\"page-numbers\" href=\"https:\/\/autosphere.ca\/fr\/wp-json\/wp\/v2\/pages\/8780\/page\/2\/\"><span>2<\/span><\/a>\n<a aria-label=\"Page 3\" class=\"page-numbers\" href=\"https:\/\/autosphere.ca\/fr\/wp-json\/wp\/v2\/pages\/8780\/page\/3\/\"><span>3<\/span><\/a>\n<a aria-label=\"Page 4\" class=\"page-numbers\" href=\"https:\/\/autosphere.ca\/fr\/wp-json\/wp\/v2\/pages\/8780\/page\/4\/\"><span>4<\/span><\/a>\n<span class=\"page-numbers dots\">\u2026<\/span>\n<a aria-label=\"Page 157\" class=\"page-numbers\" href=\"https:\/\/autosphere.ca\/fr\/wp-json\/wp\/v2\/pages\/8780\/page\/157\/\"><span>157<\/span><\/a>\n<a class=\"next page-numbers\" href=\"https:\/\/autosphere.ca\/fr\/wp-json\/wp\/v2\/pages\/8780\/page\/2\/\"><span>Suivant<\/span><\/a>\t\t\t\t<\/div>\r\n\t\t\t<\/nav>\r\n\t\t\t\t<div class=\"w-grid-json hidden\" onclick='return {&quot;action&quot;:&quot;us_ajax_grid&quot;,&quot;infinite_scroll&quot;:0,&quot;max_num_pages&quot;:157,&quot;pagination&quot;:&quot;regular&quot;,&quot;template_vars&quot;:{&quot;columns&quot;:&quot;1&quot;,&quot;exclude_items&quot;:&quot;prev&quot;,&quot;img_size&quot;:&quot;us_535_413_crop&quot;,&quot;ignore_items_size&quot;:0,&quot;items_layout&quot;:&quot;8479&quot;,&quot;items_offset&quot;:&quot;1&quot;,&quot;load_animation&quot;:&quot;none&quot;,&quot;overriding_link&quot;:&quot;{\\&quot;url\\&quot;:\\&quot;\\&quot;}&quot;,&quot;post_id&quot;:0,&quot;query_args&quot;:{&quot;post_type&quot;:[&quot;post&quot;],&quot;tax_query&quot;:[{&quot;taxonomy&quot;:&quot;category&quot;,&quot;field&quot;:&quot;slug&quot;,&quot;terms&quot;:[&quot;le-carrossier&quot;,&quot;carrosserie&quot;]}],&quot;post_status&quot;:[&quot;publish&quot;,&quot;acf-disabled&quot;,&quot;paused&quot;,&quot;active&quot;,&quot;queued&quot;,&quot;finished&quot;,&quot;autoresponder&quot;,&quot;workflow&quot;],&quot;post__not_in&quot;:[462814,462621,462595,462814,462621,462595,423356,422909,421779,460314,452355],&quot;posts_per_page&quot;:&quot;10&quot;},&quot;orderby_query_args&quot;:{&quot;orderby&quot;:{&quot;date&quot;:&quot;DESC&quot;}},&quot;type&quot;:&quot;grid&quot;,&quot;us_grid_post_type&quot;:&quot;post&quot;,&quot;us_grid_ajax_index&quot;:6,&quot;us_grid_filter_query_string&quot;:null,&quot;us_grid_index&quot;:6,&quot;page_args&quot;:[],&quot;lang&quot;:&quot;fr&quot;}}'><\/div>\r\n\t<\/div><\/div><\/div><\/div><\/div><div class=\"g-cols wpb_row us_custom_124609c5 via_flex valign_top type_default stacking_default\"><div class=\"vc_col-sm-12 wpb_column vc_column_container\"><div class=\"vc_column-inner\"><div class=\"wpb_wrapper\"><\/div><\/div><\/div><\/div><\/div><\/div><\/div><div class=\"vc_col-sm-4 wpb_column vc_column_container\"><div class=\"vc_column-inner us_custom_1f257949\"><div class=\"wpb_wrapper\"><div class=\"wpb_widgetised_column wpb_content_element\"><div class=\"wpb_wrapper\"><\/div><\/div><\/div><\/div><\/div><\/div><\/div><\/section><section class=\"l-section wpb_row height_small\"><div class=\"l-section-h i-cf\"><div class=\"g-cols vc_row via_flex valign_top type_default stacking_default\"><div class=\"vc_col-sm-12 wpb_column vc_column_container\"><div class=\"vc_column-inner\"><div class=\"wpb_wrapper\"><div class=\"wpb_text_column us_custom_d0854452 lightStrong\"><div class=\"wpb_wrapper\"><h2 style=\"font-size: 1.2em; font-weight: 600; margin-bottom: 15px;\">Industrie de la carrosserie \u2013 Le march\u00e9 canadien<\/h2>\n<p>Le <strong>magazine Le Carrossier<\/strong> est depuis longtemps la r\u00e9f\u00e9rence de l\u2019industrie de la <strong>r\u00e9paration de carrosserie<\/strong> au Qu\u00e9bec et au Canada. Notre couverture des nouvelles de <strong>l\u2019industrie de la r\u00e9paration de carrosserie<\/strong>, de la conception des carrosseries et de l\u2019industrie de la carrosserie automobile en g\u00e9n\u00e9ral est in\u00e9gal\u00e9e. Dans le monde fascinant et en constante \u00e9volution de l\u2019automobile, nous sommes la source incontournable pour obtenir un portrait complet de l\u2019industrie. Alors que les voitures et les camions continuent d\u2019\u00e9voluer, les professionnels de la <strong>r\u00e9paration de carrosserie<\/strong> comptent sur nous pour obtenir les derni\u00e8res nouvelles sur la conception et la fabrication des carrosseries, ainsi que de l\u2019information sur les technologies avanc\u00e9es, les processus \u00e0 la fine pointe et les nouvelles sur la r\u00e9paration de carrosserie. Les experts du secteur s\u2019entendent pour dire que les ateliers de carrosserie d\u2019hier ont radicalement chang\u00e9. Les ateliers de r\u00e9paration automobile d\u2019aujourd\u2019hui sont \u00e0 la pointe de la technologie et d\u00e9pendent des plus r\u00e9cents renseignements de r\u00e9paration pour traiter les nouveaux mat\u00e9riaux sophistiqu\u00e9s et ex\u00e9cuter les processus de r\u00e9paration complexes. En outre, les technologies de pointe, comme les syst\u00e8mes avanc\u00e9s d\u2019aide \u00e0 la conduite, rendent la r\u00e9paration de carrosserie plus complexe que jamais. C\u2019est pourquoi les ateliers de <strong>carrosserie<\/strong> de toutes tailles \u2013 des petites entreprises familiales aux centres de r\u00e9paration certifi\u00e9s sous des banni\u00e8res telles que Fix Auto ou Simplicity Soins d\u2019auto \u2013 comptent sur nous pour rester \u00e0 l\u2019aff\u00fbt des tendances et des changements dans l\u2019univers de la r\u00e9paration de carrosserie. La gestion de la r\u00e9paration de carrosserie a consid\u00e9rablement \u00e9volu\u00e9 au fil des ans, et les professionnels de la r\u00e9paration de carrosserie d\u2019aujourd\u2019hui doivent garder une longueur d\u2019avance. C\u2019est pourquoi ils se tournent vers nous pour conna\u00eetre les derni\u00e8res <strong>nouvelles du secteur de la r\u00e9paration de carrosserie<\/strong>.<\/p>\n<h2 style=\"font-size: 1.2em; font-weight: 600; margin-bottom: 15px; padding-top: 0px;\">Carrosserie automobile \u2013 Un effort de collaboration<\/h2>\n<p>La r\u00e9paration de carrosserie faisant partie d\u2019un paysage automobile beaucoup plus vaste, nous savons que les <strong>professionnels de la r\u00e9paration de carrosserie<\/strong> comptent sur nous pour avoir une vue d\u2019ensemble de l\u2019industrie automobile. Le parcours commence chez le <a href=\"https:\/\/autosphere.ca\/fr\/concessionnaires\/\">concessionnaire<\/a>, o\u00f9 les consommateurs prennent possession de leur nouveau v\u00e9hicule. Lorsqu\u2019ils n\u00e9cessiteront l\u2019attention d\u2019un professionnel de la r\u00e9paration de carrosserie, ces v\u00e9hicules se retrouveront soit dans <strong>l\u2019atelier de carrosserie<\/strong> du concessionnaire, soit dans un atelier de r\u00e9paration de carrosserie ind\u00e9pendant certifi\u00e9. Les parcs de v\u00e9hicules ont \u00e9galement besoin de travaux de carrosserie lorsqu\u2019un incident survient. C\u2019est pourquoi les <strong>professionnels de la r\u00e9paration de carrosserie<\/strong> comptent sur nous pour les tenir au courant des tendances dans le secteur des <a href=\"https:\/\/autosphere.ca\/fr\/parc\/\">parcs de v\u00e9hicules<\/a>. Lorsque les nouvelles voitures et les nouveaux camions prennent la route, il y a de fortes chances qu\u2019ils soient un jour r\u00e9par\u00e9s dans l\u2019un des nombreux <strong>centres de r\u00e9paration<\/strong> <strong>de carrosserie<\/strong> automobile du pays. Comme les v\u00e9hicules qui finissent dans un <strong>atelier de carrosserie<\/strong> ont souvent besoin de nouveaux pneus, nous veillons \u00e0 ce que nos lecteurs soient expos\u00e9s aux derni\u00e8res <a href=\"https:\/\/autosphere.ca\/fr\/pneus\/\">nouvelles concernant les pneus<\/a> et leurs technologies. Une fois que la t\u00f4le est remplac\u00e9e et que la peinture est s\u00e8che, nous savons que le processus de r\u00e9paration de carrosserie n\u2019est qu\u2019\u00e0 moiti\u00e9 termin\u00e9. Outre les <strong>travaux de carrosserie<\/strong>, tous les \u00e9l\u00e9ments m\u00e9caniques doivent \u00eatre remis en place, r\u00e9par\u00e9s ou compl\u00e8tement remplac\u00e9s pour que le v\u00e9hicule soit en mesure de reprendre la route. L\u00e0 encore, notre couverture de l\u2019ensemble de l\u2019industrie automobile, y compris le <a href=\"https:\/\/autosphere.ca\/fr\/mecanique\/\">march\u00e9 secondaire et l\u2019aspect m\u00e9canique<\/a> de la r\u00e9paration, fournit \u00e0 nos lecteurs l\u2019information et les connaissances n\u00e9cessaires pour bien effectuer le travail.<\/p>\n<\/div><\/div><\/div><\/div><\/div><\/div><\/div><\/section>\n","protected":false},"excerpt":{"rendered":"Le R\u00e9seau Fix, chef de file mondial des services du march\u00e9 secondaire de l'automobile, annonce la signature d'un partenariat strat\u00e9gique avec Uniparts OEM Canada et Unipi\u00e8ce O.E.M. pour \u00e9tablir un programme d'approvisionnement pr\u00e9f\u00e9rentiel en pi\u00e8ces d'origine certifi\u00e9es \u00e0 travers le Canada. Cette collaboration permettra d'\u00e9largir l'acc\u00e8s aux pi\u00e8ces OEM pour l'ensemble des ateliers des r\u00e9seaux...","protected":false},"author":2,"featured_media":0,"parent":0,"menu_order":0,"comment_status":"closed","ping_status":"closed","template":"","meta":{"_acf_changed":false,"footnotes":""},"class_list":["post-8780","page","type-page","status-publish","hentry"],"acf":[],"yoast_head":"<!-- This site is optimized with the Yoast SEO Premium plugin v27.7 (Yoast SEO v27.7) - https:\/\/yoast.com\/product\/yoast-seo-premium-wordpress\/ -->\n<title>Carrosserie automobile magazine | L&#039;actualit\u00e9 | Autosphere<\/title>\n<meta name=\"description\" content=\"Toute l&#039;actualit\u00e9 sur l&#039;industrie de la r\u00e9paration de carrosseries et sur la gestion des collisions pour les professionnels de la carrosserie automobile au Canada.\" \/>\n<meta name=\"robots\" content=\"index, follow, max-snippet:-1, max-image-preview:large, max-video-preview:-1\" \/>\n<link rel=\"canonical\" href=\"https:\/\/autosphere.ca\/fr\/carrosserie\/\" \/>\n<meta property=\"og:locale\" content=\"fr_FR\" \/>\n<meta property=\"og:type\" content=\"article\" \/>\n<meta property=\"og:title\" content=\"Carrosserie\" \/>\n<meta property=\"og:description\" content=\"Toute l&#039;actualit\u00e9 sur l&#039;industrie de la r\u00e9paration de carrosseries et sur la gestion des collisions pour les professionnels de la carrosserie automobile au Canada.\" \/>\n<meta property=\"og:url\" content=\"https:\/\/autosphere.ca\/fr\/carrosserie\/\" \/>\n<meta property=\"og:site_name\" content=\"Autosphere\" \/>\n<meta property=\"article:publisher\" content=\"https:\/\/www.facebook.com\/autosphere.ca\" \/>\n<meta property=\"article:modified_time\" content=\"2024-12-16T18:44:29+00:00\" \/>\n<meta name=\"twitter:card\" content=\"summary_large_image\" \/>\n<meta name=\"twitter:site\" content=\"@autosphere_ca\" \/>\n<meta name=\"twitter:label1\" content=\"Dur\u00e9e de lecture estim\u00e9e\" \/>\n\t<meta name=\"twitter:data1\" content=\"3 minutes\" \/>\n<script type=\"application\/ld+json\" class=\"yoast-schema-graph\">{\"@context\":\"https:\\\/\\\/schema.org\",\"@graph\":[{\"@type\":\"WebPage\",\"@id\":\"https:\\\/\\\/autosphere.ca\\\/fr\\\/carrosserie\\\/\",\"url\":\"https:\\\/\\\/autosphere.ca\\\/fr\\\/carrosserie\\\/\",\"name\":\"Carrosserie automobile magazine | L'actualit\u00e9 | Autosphere\",\"isPartOf\":{\"@id\":\"https:\\\/\\\/autosphere.ca\\\/fr\\\/#website\"},\"datePublished\":\"2019-06-16T18:58:02+00:00\",\"dateModified\":\"2024-12-16T18:44:29+00:00\",\"description\":\"Toute l'actualit\u00e9 sur l'industrie de la r\u00e9paration de carrosseries et sur la gestion des collisions pour les professionnels de la carrosserie automobile au Canada.\",\"breadcrumb\":{\"@id\":\"https:\\\/\\\/autosphere.ca\\\/fr\\\/carrosserie\\\/#breadcrumb\"},\"inLanguage\":\"fr-FR\",\"potentialAction\":[{\"@type\":\"ReadAction\",\"target\":[\"https:\\\/\\\/autosphere.ca\\\/fr\\\/carrosserie\\\/\"]}]},{\"@type\":\"BreadcrumbList\",\"@id\":\"https:\\\/\\\/autosphere.ca\\\/fr\\\/carrosserie\\\/#breadcrumb\",\"itemListElement\":[{\"@type\":\"ListItem\",\"position\":1,\"name\":\"Autosphere\",\"item\":\"https:\\\/\\\/autosphere.ca\\\/fr\\\/\"},{\"@type\":\"ListItem\",\"position\":2,\"name\":\"Carrosserie\"}]},{\"@type\":\"WebSite\",\"@id\":\"https:\\\/\\\/autosphere.ca\\\/fr\\\/#website\",\"url\":\"https:\\\/\\\/autosphere.ca\\\/fr\\\/\",\"name\":\"Autosphere\",\"description\":\"Articles et nouvelles de l&#039;industrie automobile\",\"publisher\":{\"@id\":\"https:\\\/\\\/autosphere.ca\\\/fr\\\/#organization\"},\"potentialAction\":[{\"@type\":\"SearchAction\",\"target\":{\"@type\":\"EntryPoint\",\"urlTemplate\":\"https:\\\/\\\/autosphere.ca\\\/fr\\\/?s={search_term_string}\"},\"query-input\":{\"@type\":\"PropertyValueSpecification\",\"valueRequired\":true,\"valueName\":\"search_term_string\"}}],\"inLanguage\":\"fr-FR\"},{\"@type\":\"Organization\",\"@id\":\"https:\\\/\\\/autosphere.ca\\\/fr\\\/#organization\",\"name\":\"Autosphere\",\"url\":\"https:\\\/\\\/autosphere.ca\\\/fr\\\/\",\"logo\":{\"@type\":\"ImageObject\",\"inLanguage\":\"fr-FR\",\"@id\":\"https:\\\/\\\/autosphere.ca\\\/fr\\\/#\\\/schema\\\/logo\\\/image\\\/\",\"url\":\"https:\\\/\\\/autosphere.ca\\\/wp-content\\\/uploads\\\/2021\\\/06\\\/AutosphereLogo-SM.png\",\"contentUrl\":\"https:\\\/\\\/autosphere.ca\\\/wp-content\\\/uploads\\\/2021\\\/06\\\/AutosphereLogo-SM.png\",\"width\":586,\"height\":586,\"caption\":\"Autosphere\"},\"image\":{\"@id\":\"https:\\\/\\\/autosphere.ca\\\/fr\\\/#\\\/schema\\\/logo\\\/image\\\/\"},\"sameAs\":[\"https:\\\/\\\/www.facebook.com\\\/autosphere.ca\",\"https:\\\/\\\/x.com\\\/autosphere_ca\",\"https:\\\/\\\/www.linkedin.com\\\/company\\\/autosphere-en\"]}]}<\/script>\n<!-- \/ Yoast SEO Premium plugin. -->","yoast_head_json":{"title":"Carrosserie automobile magazine | L'actualit\u00e9 | Autosphere","description":"Toute l'actualit\u00e9 sur l'industrie de la r\u00e9paration de carrosseries et sur la gestion des collisions pour les professionnels de la carrosserie automobile au Canada.","robots":{"index":"index","follow":"follow","max-snippet":"max-snippet:-1","max-image-preview":"max-image-preview:large","max-video-preview":"max-video-preview:-1"},"canonical":"https:\/\/autosphere.ca\/fr\/carrosserie\/","og_locale":"fr_FR","og_type":"article","og_title":"Carrosserie","og_description":"Toute l'actualit\u00e9 sur l'industrie de la r\u00e9paration de carrosseries et sur la gestion des collisions pour les professionnels de la carrosserie automobile au Canada.","og_url":"https:\/\/autosphere.ca\/fr\/carrosserie\/","og_site_name":"Autosphere","article_publisher":"https:\/\/www.facebook.com\/autosphere.ca","article_modified_time":"2024-12-16T18:44:29+00:00","twitter_card":"summary_large_image","twitter_site":"@autosphere_ca","twitter_misc":{"Dur\u00e9e de lecture estim\u00e9e":"3 minutes"},"schema":{"@context":"https:\/\/schema.org","@graph":[{"@type":"WebPage","@id":"https:\/\/autosphere.ca\/fr\/carrosserie\/","url":"https:\/\/autosphere.ca\/fr\/carrosserie\/","name":"Carrosserie automobile magazine | L'actualit\u00e9 | Autosphere","isPartOf":{"@id":"https:\/\/autosphere.ca\/fr\/#website"},"datePublished":"2019-06-16T18:58:02+00:00","dateModified":"2024-12-16T18:44:29+00:00","description":"Toute l'actualit\u00e9 sur l'industrie de la r\u00e9paration de carrosseries et sur la gestion des collisions pour les professionnels de la carrosserie automobile au Canada.","breadcrumb":{"@id":"https:\/\/autosphere.ca\/fr\/carrosserie\/#breadcrumb"},"inLanguage":"fr-FR","potentialAction":[{"@type":"ReadAction","target":["https:\/\/autosphere.ca\/fr\/carrosserie\/"]}]},{"@type":"BreadcrumbList","@id":"https:\/\/autosphere.ca\/fr\/carrosserie\/#breadcrumb","itemListElement":[{"@type":"ListItem","position":1,"name":"Autosphere","item":"https:\/\/autosphere.ca\/fr\/"},{"@type":"ListItem","position":2,"name":"Carrosserie"}]},{"@type":"WebSite","@id":"https:\/\/autosphere.ca\/fr\/#website","url":"https:\/\/autosphere.ca\/fr\/","name":"Autosphere","description":"Articles et nouvelles de l&#039;industrie automobile","publisher":{"@id":"https:\/\/autosphere.ca\/fr\/#organization"},"potentialAction":[{"@type":"SearchAction","target":{"@type":"EntryPoint","urlTemplate":"https:\/\/autosphere.ca\/fr\/?s={search_term_string}"},"query-input":{"@type":"PropertyValueSpecification","valueRequired":true,"valueName":"search_term_string"}}],"inLanguage":"fr-FR"},{"@type":"Organization","@id":"https:\/\/autosphere.ca\/fr\/#organization","name":"Autosphere","url":"https:\/\/autosphere.ca\/fr\/","logo":{"@type":"ImageObject","inLanguage":"fr-FR","@id":"https:\/\/autosphere.ca\/fr\/#\/schema\/logo\/image\/","url":"https:\/\/autosphere.ca\/wp-content\/uploads\/2021\/06\/AutosphereLogo-SM.png","contentUrl":"https:\/\/autosphere.ca\/wp-content\/uploads\/2021\/06\/AutosphereLogo-SM.png","width":586,"height":586,"caption":"Autosphere"},"image":{"@id":"https:\/\/autosphere.ca\/fr\/#\/schema\/logo\/image\/"},"sameAs":["https:\/\/www.facebook.com\/autosphere.ca","https:\/\/x.com\/autosphere_ca","https:\/\/www.linkedin.com\/company\/autosphere-en"]}]}},"_links":{"self":[{"href":"https:\/\/autosphere.ca\/fr\/wp-json\/wp\/v2\/pages\/8780","targetHints":{"allow":["GET"]}}],"collection":[{"href":"https:\/\/autosphere.ca\/fr\/wp-json\/wp\/v2\/pages"}],"about":[{"href":"https:\/\/autosphere.ca\/fr\/wp-json\/wp\/v2\/types\/page"}],"author":[{"embeddable":true,"href":"https:\/\/autosphere.ca\/fr\/wp-json\/wp\/v2\/users\/2"}],"replies":[{"embeddable":true,"href":"https:\/\/autosphere.ca\/fr\/wp-json\/wp\/v2\/comments?post=8780"}],"version-history":[{"count":0,"href":"https:\/\/autosphere.ca\/fr\/wp-json\/wp\/v2\/pages\/8780\/revisions"}],"wp:attachment":[{"href":"https:\/\/autosphere.ca\/fr\/wp-json\/wp\/v2\/media?parent=8780"}],"curies":[{"name":"wp","href":"https:\/\/api.w.org\/{rel}","templated":true}]}}